{"id":7805,"date":"2023-11-16T20:41:04","date_gmt":"2023-11-17T02:41:04","guid":{"rendered":"http:\/\/www.oportunidades.org.sv\/?page_id=7805"},"modified":"2024-11-29T10:55:31","modified_gmt":"2024-11-29T16:55:31","slug":"listado-etapa-4","status":"publish","type":"page","link":"https:\/\/www.oportunidades.org.sv\/en\/listado-etapa-4\/","title":{"rendered":"Listado etapa 4"},"content":{"rendered":"<div data-elementor-type=\"wp-page\" data-elementor-id=\"7805\" class=\"elementor elementor-7805\" data-elementor-post-type=\"page\">\n\t\t\t\t\t\t<section class=\"elementor-section elementor-top-section elementor-element elementor-element-570498e4 elementor-section-content-middle elementor-section-full_width elementor-section-height-default elementor-section-height-default\" data-id=\"570498e4\" data-element_type=\"section\" data-settings=\"{&quot;background_background&quot;:&quot;video&quot;}\">\n\t\t\t\t\t\t<div class=\"elementor-container elementor-column-gap-no\">\n\t\t\t\t\t<div class=\"elementor-column elementor-col-100 elementor-top-column elementor-element elementor-element-ffd3fb\" data-id=\"ffd3fb\" data-element_type=\"column\">\n\t\t\t<div class=\"elementor-widget-wrap elementor-element-populated\">\n\t\t\t\t\t\t<div class=\"elementor-element elementor-element-24bf291b elementor-widget elementor-widget-heading\" data-id=\"24bf291b\" data-element_type=\"widget\" data-widget_type=\"heading.default\">\n\t\t\t\t<div class=\"elementor-widget-container\">\n\t\t\t\t\t<h1 class=\"elementor-heading-title elementor-size-default\">Listado de estudiantes que pasan a la Etapa 4  modalidad tiempo completo<\/h1>\t\t\t\t<\/div>\n\t\t\t\t<\/div>\n\t\t\t\t<section class=\"elementor-section elementor-inner-section elementor-element elementor-element-421ed03 elementor-section-boxed elementor-section-height-default elementor-section-height-default\" data-id=\"421ed03\" data-element_type=\"section\">\n\t\t\t\t\t\t<div class=\"elementor-container elementor-column-gap-default\">\n\t\t\t\t\t<div class=\"elementor-column elementor-col-50 elementor-inner-column elementor-element elementor-element-34b5ef4\" data-id=\"34b5ef4\" data-element_type=\"column\">\n\t\t\t<div class=\"elementor-widget-wrap elementor-element-populated\">\n\t\t\t\t\t\t<div class=\"elementor-element elementor-element-9f54a7e elementor-align-right elementor-mobile-align-center elementor-widget elementor-widget-button\" data-id=\"9f54a7e\" data-element_type=\"widget\" data-widget_type=\"button.default\">\n\t\t\t\t<div class=\"elementor-widget-container\">\n\t\t\t\t\t\t\t\t\t<div class=\"elementor-button-wrapper\">\n\t\t\t\t\t<a class=\"elementor-button elementor-button-link elementor-size-sm\" href=\"https:\/\/www.oportunidades.org.sv\/en\/listado-etapa-4\/\">\n\t\t\t\t\t\t<span class=\"elementor-button-content-wrapper\">\n\t\t\t\t\t\t\t\t\t<span class=\"elementor-button-text\">San Salvador<\/span>\n\t\t\t\t\t<\/span>\n\t\t\t\t\t<\/a>\n\t\t\t\t<\/div>\n\t\t\t\t\t\t\t\t<\/div>\n\t\t\t\t<\/div>\n\t\t\t\t\t<\/div>\n\t\t<\/div>\n\t\t\t\t<div class=\"elementor-column elementor-col-50 elementor-inner-column elementor-element elementor-element-1607f99\" data-id=\"1607f99\" data-element_type=\"column\">\n\t\t\t<div class=\"elementor-widget-wrap elementor-element-populated\">\n\t\t\t\t\t\t<div class=\"elementor-element elementor-element-718bf9d elementor-align-left elementor-mobile-align-center elementor-widget elementor-widget-button\" data-id=\"718bf9d\" data-element_type=\"widget\" data-widget_type=\"button.default\">\n\t\t\t\t<div class=\"elementor-widget-container\">\n\t\t\t\t\t\t\t\t\t<div class=\"elementor-button-wrapper\">\n\t\t\t\t\t<a class=\"elementor-button elementor-button-link elementor-size-sm\" href=\"https:\/\/www.oportunidades.org.sv\/en\/listado-etapa-4\/\">\n\t\t\t\t\t\t<span class=\"elementor-button-content-wrapper\">\n\t\t\t\t\t\t\t\t\t<span class=\"elementor-button-text\">Santa Ana<\/span>\n\t\t\t\t\t<\/span>\n\t\t\t\t\t<\/a>\n\t\t\t\t<\/div>\n\t\t\t\t\t\t\t\t<\/div>\n\t\t\t\t<\/div>\n\t\t\t\t\t<\/div>\n\t\t<\/div>\n\t\t\t\t\t<\/div>\n\t\t<\/section>\n\t\t\t\t<div class=\"elementor-element elementor-element-484c347 elementor-nav-menu__align-center elementor-nav-menu--dropdown-none elementor-hidden-widescreen elementor-hidden-desktop elementor-hidden-laptop elementor-hidden-tablet_extra elementor-hidden-tablet elementor-hidden-mobile_extra elementor-hidden-mobile elementor-widget elementor-widget-nav-menu\" data-id=\"484c347\" data-element_type=\"widget\" data-settings=\"{&quot;layout&quot;:&quot;horizontal&quot;,&quot;submenu_icon&quot;:{&quot;value&quot;:&quot;&lt;i class=\\&quot;fas fa-caret-down\\&quot; aria-hidden=\\&quot;true\\&quot;&gt;&lt;\\\/i&gt;&quot;,&quot;library&quot;:&quot;fa-solid&quot;}}\" data-widget_type=\"nav-menu.default\">\n\t\t\t\t<div class=\"elementor-widget-container\">\n\t\t\t\t\t\t\t\t<nav aria-label=\"Menu\" class=\"elementor-nav-menu--main elementor-nav-menu__container elementor-nav-menu--layout-horizontal e--pointer-underline e--animation-fade\">\n\t\t\t\t<ul id=\"menu-1-484c347\" class=\"elementor-nav-menu\"><li class=\"menu-item menu-item-type-custom menu-item-object-custom menu-item-has-children menu-item-7828\"><a href=\"https:\/\/www.oportunidades.org.sv\/en\/listado-etapa-4\/\" class=\"elementor-item elementor-item-anchor\">San Salvador<\/a>\n<ul class=\"sub-menu elementor-nav-menu--dropdown\">\n\t<li class=\"menu-item menu-item-type-custom menu-item-object-custom menu-item-7826\"><a href=\"https:\/\/www.oportunidades.org.sv\/en\/listado-etapa-4\/\" class=\"elementor-sub-item elementor-item-anchor\">Tiempo completo<\/a><\/li>\n\t<li class=\"menu-item menu-item-type-custom menu-item-object-custom menu-item-7827\"><a href=\"https:\/\/www.oportunidades.org.sv\/en\/listado-etapa-4\/\" class=\"elementor-sub-item elementor-item-anchor\">Saturday<\/a><\/li>\n<\/ul>\n<\/li>\n<li class=\"menu-item menu-item-type-custom menu-item-object-custom menu-item-has-children menu-item-7829\"><a href=\"https:\/\/www.oportunidades.org.sv\/en\/listado-etapa-4\/\" class=\"elementor-item elementor-item-anchor\">Santa Ana<\/a>\n<ul class=\"sub-menu elementor-nav-menu--dropdown\">\n\t<li class=\"menu-item menu-item-type-custom menu-item-object-custom menu-item-7830\"><a href=\"https:\/\/www.oportunidades.org.sv\/en\/listado-etapa-4\/\" class=\"elementor-sub-item elementor-item-anchor\">Tiempo completo<\/a><\/li>\n\t<li class=\"menu-item menu-item-type-custom menu-item-object-custom menu-item-7831\"><a href=\"https:\/\/www.oportunidades.org.sv\/en\/listado-etapa-4\/\" class=\"elementor-sub-item elementor-item-anchor\">Saturday<\/a><\/li>\n<\/ul>\n<\/li>\n<li class=\"menu-item menu-item-type-custom menu-item-object-custom menu-item-7832\"><a href=\"https:\/\/www.oportunidades.org.sv\/en\/listado-etapa-4\/\" class=\"elementor-item elementor-item-anchor\">Sonsonate<\/a><\/li>\n<li class=\"menu-item menu-item-type-custom menu-item-object-custom menu-item-7833\"><a href=\"https:\/\/www.oportunidades.org.sv\/en\/listado-etapa-4\/\" class=\"elementor-item elementor-item-anchor\">San Miguel<\/a><\/li>\n<\/ul>\t\t\t<\/nav>\n\t\t\t\t\t\t<nav class=\"elementor-nav-menu--dropdown elementor-nav-menu__container\" aria-hidden=\"true\">\n\t\t\t\t<ul id=\"menu-2-484c347\" class=\"elementor-nav-menu\"><li class=\"menu-item menu-item-type-custom menu-item-object-custom menu-item-has-children menu-item-7828\"><a href=\"https:\/\/www.oportunidades.org.sv\/en\/listado-etapa-4\/\" class=\"elementor-item elementor-item-anchor\" tabindex=\"-1\">San Salvador<\/a>\n<ul class=\"sub-menu elementor-nav-menu--dropdown\">\n\t<li class=\"menu-item menu-item-type-custom menu-item-object-custom menu-item-7826\"><a href=\"https:\/\/www.oportunidades.org.sv\/en\/listado-etapa-4\/\" class=\"elementor-sub-item elementor-item-anchor\" tabindex=\"-1\">Tiempo completo<\/a><\/li>\n\t<li class=\"menu-item menu-item-type-custom menu-item-object-custom menu-item-7827\"><a href=\"https:\/\/www.oportunidades.org.sv\/en\/listado-etapa-4\/\" class=\"elementor-sub-item elementor-item-anchor\" tabindex=\"-1\">Saturday<\/a><\/li>\n<\/ul>\n<\/li>\n<li class=\"menu-item menu-item-type-custom menu-item-object-custom menu-item-has-children menu-item-7829\"><a href=\"https:\/\/www.oportunidades.org.sv\/en\/listado-etapa-4\/\" class=\"elementor-item elementor-item-anchor\" tabindex=\"-1\">Santa Ana<\/a>\n<ul class=\"sub-menu elementor-nav-menu--dropdown\">\n\t<li class=\"menu-item menu-item-type-custom menu-item-object-custom menu-item-7830\"><a href=\"https:\/\/www.oportunidades.org.sv\/en\/listado-etapa-4\/\" class=\"elementor-sub-item elementor-item-anchor\" tabindex=\"-1\">Tiempo completo<\/a><\/li>\n\t<li class=\"menu-item menu-item-type-custom menu-item-object-custom menu-item-7831\"><a href=\"https:\/\/www.oportunidades.org.sv\/en\/listado-etapa-4\/\" class=\"elementor-sub-item elementor-item-anchor\" tabindex=\"-1\">Saturday<\/a><\/li>\n<\/ul>\n<\/li>\n<li class=\"menu-item menu-item-type-custom menu-item-object-custom menu-item-7832\"><a href=\"https:\/\/www.oportunidades.org.sv\/en\/listado-etapa-4\/\" class=\"elementor-item elementor-item-anchor\" tabindex=\"-1\">Sonsonate<\/a><\/li>\n<li class=\"menu-item menu-item-type-custom menu-item-object-custom menu-item-7833\"><a href=\"https:\/\/www.oportunidades.org.sv\/en\/listado-etapa-4\/\" class=\"elementor-item elementor-item-anchor\" tabindex=\"-1\">San Miguel<\/a><\/li>\n<\/ul>\t\t\t<\/nav>\n\t\t\t\t\t\t<\/div>\n\t\t\t\t<\/div>\n\t\t\t\t<section class=\"elementor-section elementor-inner-section elementor-element elementor-element-5df5c50 elementor-section-full_width elementor-section-height-default elementor-section-height-default\" data-id=\"5df5c50\" data-element_type=\"section\">\n\t\t\t\t\t\t<div class=\"elementor-container elementor-column-gap-default\">\n\t\t\t\t\t<div class=\"elementor-column elementor-col-100 elementor-inner-column elementor-element elementor-element-c06acea\" data-id=\"c06acea\" data-element_type=\"column\">\n\t\t\t<div class=\"elementor-widget-wrap elementor-element-populated\">\n\t\t\t\t\t\t<div class=\"elementor-element elementor-element-9341b5f elementor-widget elementor-widget-text-editor\" data-id=\"9341b5f\" data-element_type=\"widget\" data-widget_type=\"text-editor.default\">\n\t\t\t\t<div class=\"elementor-widget-container\">\n\t\t\t\t\t\t\t\t\t<p>Listado de aspirantes que pasan a etapa 4 (cursillo) del Proceso de Selecci\u00f3n del Programa Oportunidades.<br \/>En esta etapa no es requerida la asistencia de tu responsable. Te solicitamos traer cuaderno y lapiceros, deber\u00e1s presentarte, todos los d\u00edas indicados<\/p>\t\t\t\t\t\t\t\t<\/div>\n\t\t\t\t<\/div>\n\t\t\t\t\t<\/div>\n\t\t<\/div>\n\t\t\t\t\t<\/div>\n\t\t<\/section>\n\t\t\t\t\t<\/div>\n\t\t<\/div>\n\t\t\t\t\t<\/div>\n\t\t<\/section>\n\t\t\t\t<section class=\"elementor-section elementor-top-section elementor-element elementor-element-6cf2a74 elementor-section-content-middle elementor-section-full_width elementor-section-height-default elementor-section-height-default\" data-id=\"6cf2a74\" data-element_type=\"section\" id=\"SSFT3\" data-settings=\"{&quot;background_background&quot;:&quot;classic&quot;}\">\n\t\t\t\t\t\t<div class=\"elementor-container elementor-column-gap-no\">\n\t\t\t\t\t<div class=\"elementor-column elementor-col-100 elementor-top-column elementor-element elementor-element-fe647f8\" data-id=\"fe647f8\" data-element_type=\"column\">\n\t\t\t<div class=\"elementor-widget-wrap elementor-element-populated\">\n\t\t\t\t\t\t<div class=\"elementor-element elementor-element-9224fd5 elementor-widget elementor-widget-heading\" data-id=\"9224fd5\" data-element_type=\"widget\" data-widget_type=\"heading.default\">\n\t\t\t\t<div class=\"elementor-widget-container\">\n\t\t\t\t\t<h1 class=\"elementor-heading-title elementor-size-default\">San Salvador - Tiempo completo<\/h1>\t\t\t\t<\/div>\n\t\t\t\t<\/div>\n\t\t\t\t<div class=\"elementor-element elementor-element-572b05e elementor-widget elementor-widget-text-editor\" data-id=\"572b05e\" data-element_type=\"widget\" data-widget_type=\"text-editor.default\">\n\t\t\t\t<div class=\"elementor-widget-container\">\n\t\t\t\t\t\t\t\t\t<p>Deber\u00e1s presentarte todos los d\u00edas indicados en el siguiente horario:<\/p><p><b>Lunes 9, Mi\u00e9rcoles 11, viernes 13 de Diciembre de 8:00 am \u2013 11:20 am y mates 10 y jueves 12 de 1:40 p.m a 5:00 pm<\/b><\/p>\t\t\t\t\t\t\t\t<\/div>\n\t\t\t\t<\/div>\n\t\t\t\t<div class=\"elementor-element elementor-element-4177383 elementor-widget elementor-widget-text-editor\" data-id=\"4177383\" data-element_type=\"widget\" data-widget_type=\"text-editor.default\">\n\t\t\t\t<div class=\"elementor-widget-container\">\n\t\t\t\t\t\t\t\t\t<table width=\"804\"><tbody><tr><td width=\"28\">N\u00b0<\/td><td width=\"129\"><b>Name<\/b><\/td><td width=\"149\"><b>Apellido<\/b><\/td><td width=\"453\"><b>Centro Educativo\u00a0<\/b><\/td><td width=\"45\"><b>Grupo<\/b><\/td><\/tr><tr><td>1<\/td><td>Diego Sebasti\u00e1n<\/td><td>Aguilar Candray<\/td><td>Complejo Educativo Cat\u00f3lico Padre Mario Zanconato<\/td><td>D1<\/td><\/tr><tr><td>2<\/td><td>Marvin Alexander<\/td><td>Alas Castro<\/td><td>Centro Escolar Reparto Los Santos\u00a0<\/td><td>D1<\/td><\/tr><tr><td>3<\/td><td>Damaris Sara\u00ed<\/td><td>Alem\u00e1n Pineda<\/td><td>Centro Escolar Colonia Santa Margarita\u00a0<\/td><td>D1<\/td><\/tr><tr><td>4<\/td><td>Camila Alejandra<\/td><td>Alfaro S\u00e1nchez<\/td><td>Centro Escolar Cat\u00f3lico &#8220;San Luis&#8221;<\/td><td>D1<\/td><\/tr><tr><td>5<\/td><td>Danna Ariel<\/td><td>Ancheta vergara<\/td><td>Complejo Educativo Cat\u00f3lico Nuestra Se\u00f1ora Del Rosario\u00a0<\/td><td>D1<\/td><\/tr><tr><td>6<\/td><td>Melody Alicia<\/td><td>Aquino Argueta<\/td><td>Complejo Educativo Republica del Per\u00fa<\/td><td>D1<\/td><\/tr><tr><td>7<\/td><td>Jair Ismael<\/td><td>Argueta Lopez<\/td><td>Centro Escolar San Marcos\u00a0<\/td><td>D1<\/td><\/tr><tr><td>8<\/td><td>Luis Fernando<\/td><td>Argueta Nieto<\/td><td>Centro Escolar Republica De Costa Rica\u00a0<\/td><td>D1<\/td><\/tr><tr><td>9<\/td><td>Elsa Guadalupe<\/td><td>Arias Donis<\/td><td>Complejo Educativo Cat\u00f3lico San Antonio<\/td><td>D1<\/td><\/tr><tr><td>10<\/td><td>Paola Natalia<\/td><td>Artiga Marmol<\/td><td>Centro Escolar Cat\u00f3lico Nuestra se\u00f1ora de Lourdes<\/td><td>D1<\/td><\/tr><tr><td>11<\/td><td>Mayenci Scarlett<\/td><td>Ayala M\u00e9ndez<\/td><td>Complejo Educativo Cat\u00f3lico Fray Martin De Porres\u00a0<\/td><td>D1<\/td><\/tr><tr><td>12<\/td><td>Rodrigo Ernesto<\/td><td>Barrera Lima<\/td><td>Centro Escolar Doctor Arturo Romero\u00a0<\/td><td>D1<\/td><\/tr><tr><td>13<\/td><td>Joel Josu\u00e9<\/td><td>Bonilla Ram\u00edrez<\/td><td>Colegio Cital\u00e1<\/td><td>D1<\/td><\/tr><tr><td>14<\/td><td>Emily Raquel<\/td><td>Bram Artiga<\/td><td>Centro Escolar General Ramon Belloso<\/td><td>D1<\/td><\/tr><tr><td>15<\/td><td>Miriam Abigail<\/td><td>Cartagena Hern\u00e1ndez<\/td><td>Centro Escolar Catolico Pablo Vi\u00a0<\/td><td>D1<\/td><\/tr><tr><td>16<\/td><td>Marcos Ezequiel<\/td><td>Castillo Crespin<\/td><td>Centro Escolar Cat\u00f3lico Coraz\u00f3n de Mar\u00eda<\/td><td>D1<\/td><\/tr><tr><td>17<\/td><td>Georgina Alejandra<\/td><td>Chicas Beltr\u00e1n<\/td><td>Centro Escolar Barrio Bel\u00e9n<\/td><td>D1<\/td><\/tr><tr><td>18<\/td><td>Paulette Valentina<\/td><td>Chilin Hernandez<\/td><td>Complejo Educativo Cat\u00f3lico Nuestra Se\u00f1ora Del Rosario\u00a0<\/td><td>D1<\/td><\/tr><tr><td>19<\/td><td>Alisson Stephany<\/td><td>Clemente Ventura<\/td><td>Centro Escolar General Ram\u00f3n Belloso\u00a0<\/td><td>D1<\/td><\/tr><tr><td>20<\/td><td>Arlen Daniela<\/td><td>Contreras Chamorro<\/td><td>Centro Escolar Espa\u00f1a\u00a0<\/td><td>D1<\/td><\/tr><tr><td>21<\/td><td>Kathya Sara\u00ed<\/td><td>Contreras V\u00e1squez<\/td><td>Complejo Educativo Concha Viuda De Escalon\u00a0<\/td><td>D1<\/td><\/tr><tr><td>22<\/td><td>Andrea Nicole<\/td><td>Cornejo Alvarado<\/td><td>Centro Escolar Cat\u00f3lico Nuestra Se\u00f1ora de Lourdes<\/td><td>D1<\/td><\/tr><tr><td>23<\/td><td>Aida Beatriz<\/td><td>Corpe\u00f1o L\u00f3pez<\/td><td>Centro Escolar Centro Am\u00e9rica<\/td><td>D1<\/td><\/tr><tr><td>24<\/td><td>Levi Alexander<\/td><td>Cortez Fern\u00e1ndez<\/td><td>Centro Escolar Doctor Arturo Romero\u00a0<\/td><td>D1<\/td><\/tr><tr><td>25<\/td><td>Josu\u00e9 Armando<\/td><td>Cortez Guerrero<\/td><td>Centro educativo Dr Humberto romero albergue<\/td><td>D1<\/td><\/tr><tr><td>26<\/td><td>Andrea Esmeralda<\/td><td>Cruz Le\u00f3n<\/td><td>Complejo Educativo Republica de Ecuador<\/td><td>D1<\/td><\/tr><tr><td>27<\/td><td>Katherine Valeria<\/td><td>De Le\u00f3n Serpas<\/td><td>Colegio Carlos Luis Fallas\u00a0<\/td><td>D2<\/td><\/tr><tr><td>28<\/td><td>Aaron Marcelo<\/td><td>Escobar Azucena<\/td><td>Escuela Municipal De Ciudad Futura Fase Uno\u00a0<\/td><td>D2<\/td><\/tr><tr><td>29<\/td><td>Leandro Alejandro<\/td><td>Escobar P\u00e9rez<\/td><td>Centro Escolar Republica De Colombia<\/td><td>D2<\/td><\/tr><tr><td>30<\/td><td>Jared Enmanuel<\/td><td>Escobar Portillo<\/td><td>Centro Escolar Domingo Faustino Sarmiento\u00a0<\/td><td>D2<\/td><\/tr><tr><td>31<\/td><td>Aryana Elizabeth<\/td><td>Espinoza Linares<\/td><td>Centro Escobar Caser\u00edo Urbanizaci\u00f3n Lirios del Norte<\/td><td>D2<\/td><\/tr><tr><td>32<\/td><td>Cecia Merari<\/td><td>Fern\u00e1ndez Ram\u00edrez<\/td><td>Complejo Educativo Amalia Vda De Menendez\u00a0<\/td><td>D2<\/td><\/tr><tr><td>33<\/td><td>Keylin Johamy<\/td><td>Figueroa Flores<\/td><td>Centro Escolar Reparto Guadalupe\u00a0<\/td><td>D2<\/td><\/tr><tr><td>34<\/td><td>Cristian Alexis<\/td><td>Flores Mart\u00ednez<\/td><td>Centro Escolar Monse\u00f1or Basilio Plantier\u00a0<\/td><td>D2<\/td><\/tr><tr><td>35<\/td><td>Mariana Guadalupe<\/td><td>Galdamez Navarro<\/td><td>Centro Escolar Catolico Jesus Obrero\u00a0<\/td><td>D2<\/td><\/tr><tr><td>36<\/td><td>Jackeline Aisha<\/td><td>G\u00e1lvez Reyes<\/td><td>Colegio Emily Dickinson\u00a0<\/td><td>D2<\/td><\/tr><tr><td>37<\/td><td>Emerson Edenilson<\/td><td>Garc\u00eda Hern\u00e1ndez<\/td><td>Centro Escolar Doctor Arturo Romero\u00a0<\/td><td>D2<\/td><\/tr><tr><td>38<\/td><td>Nury Lisbeth<\/td><td>G\u00f3mez Alvarado<\/td><td>Centro Escolar Reino De Dinamarca\u00a0<\/td><td>D2<\/td><\/tr><tr><td>39<\/td><td>Andrea Lisbeth<\/td><td>G\u00f3mez Alvarado<\/td><td>Centro Escolar Reino De Dinamarca\u00a0<\/td><td>D2<\/td><\/tr><tr><td>40<\/td><td>Estefani Alexandra<\/td><td>G\u00f3mez Fuentes<\/td><td>Complejo Educativo Cat\u00f3lico Nuestra Se\u00f1ora Del Rosario\u00a0<\/td><td>D2<\/td><\/tr><tr><td>41<\/td><td>El\u00edas Alejandro<\/td><td>G\u00f3mez Guzm\u00e1n<\/td><td>Centro Escolar De Huizucar\u00a0<\/td><td>D2<\/td><\/tr><tr><td>42<\/td><td>Alexandra Janeth<\/td><td>G\u00f3mez Romero<\/td><td>Centro Escolar Cat\u00f3lico Jes\u00fas Obrero\u00a0<\/td><td>D2<\/td><\/tr><tr><td>43<\/td><td>Scarlett Dayana<\/td><td>Gonz\u00e1lez Castaneda<\/td><td>Centro Escolar Cat\u00f3lico Marista\u00a0<\/td><td>D2<\/td><\/tr><tr><td>44<\/td><td>Ruth Abigail<\/td><td>Gonzalez Melara<\/td><td>Centro Escolar De Huizucar\u00a0<\/td><td>D2<\/td><\/tr><tr><td>45<\/td><td>David Alejandro<\/td><td>Guardado P\u00e9rez<\/td><td>Complejo Educativo Jap\u00f3n\u00a0<\/td><td>D2<\/td><\/tr><tr><td>46<\/td><td>Mariana Bel\u00e9n<\/td><td>Henr\u00edquez Quijano<\/td><td>Centro Escolar Catolico Santa Ana\u00a0<\/td><td>D2<\/td><\/tr><tr><td>47<\/td><td>Nayeli Roxana<\/td><td>Henrriquez Sanchez<\/td><td>Centro Escolar Jardines de Monte Blanco\u00a0<\/td><td>D2<\/td><\/tr><tr><td>48<\/td><td>Daniela Nicolle<\/td><td>Hern\u00e1ndez Franco<\/td><td>Complejo Educativo Cat\u00f3lico Fray Martin De Porres\u00a0<\/td><td>D2<\/td><\/tr><tr><td>49<\/td><td>Axel Raziel<\/td><td>Hern\u00e1ndez L\u00f3pez<\/td><td>Centro Escolar Nuevo Lourdes\u00a0<\/td><td>D2<\/td><\/tr><tr><td>50<\/td><td>Christopher Esa\u00fa<\/td><td>Hern\u00e1ndez Mangandy<\/td><td>Centro Escolar Cat\u00f3lico Coraz\u00f3n de Mar\u00eda<\/td><td>D2<\/td><\/tr><tr><td>51<\/td><td>Jennifer Carolina<\/td><td>Hern\u00e1ndez P\u00e9rez<\/td><td>Centro Escolar Catolico Santa Catalina\u00a0<\/td><td>D2<\/td><\/tr><tr><td>52<\/td><td>Jose Jeremias<\/td><td>Hernandez Ramos<\/td><td>Centro Escolar &#8220;Doctor Eusebio Cord\u00f3n Cea&#8221;<\/td><td>D2<\/td><\/tr><tr><td>53<\/td><td>Heydi Gabriela<\/td><td>Jimenez Melgar<\/td><td>Centro Escolar Domingo Faustino Sarmiento\u00a0<\/td><td>D3<\/td><\/tr><tr><td>54<\/td><td>Mar\u00eda Nayeli<\/td><td>Jurado Merino<\/td><td>Centro Escolar Jos\u00e9 Antonio Ca\u00f1as<\/td><td>D3<\/td><\/tr><tr><td>55<\/td><td>Camila Alexandra<\/td><td>Landaverde Hern\u00e1ndez<\/td><td>Centro Escolar Cat\u00f3lico Marista<\/td><td>D3<\/td><\/tr><tr><td>56<\/td><td>Edwin Emilio<\/td><td>Leiva Hern\u00e1ndez<\/td><td>Complejo Educativo Profesora Maria Amanda Artiga De Villalta\u00a0<\/td><td>D3<\/td><\/tr><tr><td>57<\/td><td>Jared Ulises<\/td><td>Leiva V\u00e1squez<\/td><td>Complejo Educativo Cat\u00f3lico Padre Mario Zanconato<\/td><td>D3<\/td><\/tr><tr><td>58<\/td><td>jeremy alexander<\/td><td>lopez alfaro<\/td><td>Liceo Bautista Ilopango\u00a0<\/td><td>D3<\/td><\/tr><tr><td>59<\/td><td>Maybelline Daniela<\/td><td>L\u00f3pez Borrayo<\/td><td>Complejo Educativo Profesora Angela De Jesus Hernandez De Romero\u00a0<\/td><td>D3<\/td><\/tr><tr><td>60<\/td><td>Katheryn Esthefany<\/td><td>L\u00f3pez Campos<\/td><td>Complejo Educativo Cat\u00f3lico Nuestra Se\u00f1ora Del Rosario\u00a0<\/td><td>D3<\/td><\/tr><tr><td>61<\/td><td>Gabriela Michelle<\/td><td>L\u00f3pez Colocho<\/td><td>Colegio Doctor Alejandro Dagoberto Marroquin\u00a0<\/td><td>D3<\/td><\/tr><tr><td>62<\/td><td>Gabriela Melissa<\/td><td>L\u00f3pez Escalante<\/td><td>Complejo Educativo Cat\u00f3lico Nuestra Se\u00f1ora Del Rosario\u00a0<\/td><td>D3<\/td><\/tr><tr><td>63<\/td><td>Camila Massiel<\/td><td>L\u00f3pez Flores<\/td><td>Centro Escolar John F Kennedy\u00a0<\/td><td>D3<\/td><\/tr><tr><td>64<\/td><td>G\u00e9nesis Andrea<\/td><td>L\u00f3pez Gonz\u00e1lez<\/td><td>Centro Escolar Catolico Jesus Obrero\u00a0<\/td><td>D3<\/td><\/tr><tr><td>65<\/td><td>Justin Gabriel<\/td><td>L\u00f3pez Mej\u00eda<\/td><td>Centro Escolar Jos\u00e9 Antonio Ca\u00f1as<\/td><td>D3<\/td><\/tr><tr><td>66<\/td><td>Justin Alejandro<\/td><td>Lopez Reyes<\/td><td>Colegio Cital\u00e1<\/td><td>D3<\/td><\/tr><tr><td>67<\/td><td>Giselle Beatriz<\/td><td>L\u00f3pez Rivas<\/td><td>Centro Escolar Republica De Nicaragua\u00a0<\/td><td>D3<\/td><\/tr><tr><td>68<\/td><td>Mar\u00eda Jos\u00e9<\/td><td>L\u00f3pez Urbina<\/td><td>Centro Escolar General Francisco Moraz\u00e1n\u00a0<\/td><td>D3<\/td><\/tr><tr><td>69<\/td><td>Anderson Fernando<\/td><td>L\u00f3pez Villalobos<\/td><td>Centro Escolar Profesor Justo Gonzalez\u00a0<\/td><td>D3<\/td><\/tr><tr><td>70<\/td><td>Azalea Violeta<\/td><td>Mart\u00ednez Cruz<\/td><td>Centro Escolar Jos\u00e9 Mariano Calder\u00f3n<\/td><td>D3<\/td><\/tr><tr><td>71<\/td><td>Dayana Gissell<\/td><td>Mart\u00ednez Morales<\/td><td>Centro Escolar Profesor Justo Gonzalez\u00a0<\/td><td>D3<\/td><\/tr><tr><td>72<\/td><td>Gabriela Beatr\u00edz<\/td><td>Mart\u00ednez S\u00e1nchez<\/td><td>Complejo Educativo Angela De Soler\u00a0<\/td><td>D3<\/td><\/tr><tr><td>73<\/td><td>Hazel Ariel<\/td><td>Martinez Vasquez<\/td><td>Complejo Educativo Amalia Vda De Menendez\u00a0<\/td><td>D3<\/td><\/tr><tr><td>74<\/td><td>Johana Nicol<\/td><td>Mej\u00eda Melara<\/td><td>Centro Escolar De Huizucar\u00a0<\/td><td>D3<\/td><\/tr><tr><td>75<\/td><td>Samuel Alberto<\/td><td>Melara Carrillos<\/td><td>Centro Escolar Reino De Holanda\u00a0<\/td><td>D3<\/td><\/tr><tr><td>76<\/td><td>F\u00e1tima Nahomy<\/td><td>Mel\u00e9ndez Menj\u00edvar<\/td><td>Centro Escolar Cat\u00f3lico Jes\u00fas Obrero<\/td><td>D3<\/td><\/tr><tr><td>77<\/td><td>Carlos Isaac<\/td><td>Melgar Ayala<\/td><td>Centro Escolar Centro Am\u00e9rica<\/td><td>D3<\/td><\/tr><tr><td>78<\/td><td>Gladis Sophia<\/td><td>M\u00e9ndez Pacheco<\/td><td>Complejo Educativo Sor Clara Quiroz\u00a0<\/td><td>D3<\/td><\/tr><tr><td>79<\/td><td>Damaris Verenice<\/td><td>Mendoza Bonilla<\/td><td>Centro Escolar Cat\u00f3lico Luisa de Marillac<\/td><td>D4<\/td><\/tr><tr><td>80<\/td><td>Valeria Michelle<\/td><td>Men\u00e9ndez Aguilar<\/td><td>Centro Escolar Republica De Francia\u00a0<\/td><td>D4<\/td><\/tr><tr><td>81<\/td><td>Jorge Alberto<\/td><td>Mijango Cortez<\/td><td>Complejo Educativo Republica de Ecuador<\/td><td>D4<\/td><\/tr><tr><td>82<\/td><td>Hilary Berenice<\/td><td>Montes L\u00f3pez<\/td><td>Centro Escolar General Ramon Belloso<\/td><td>D4<\/td><\/tr><tr><td>83<\/td><td>Rodrigo Ernesto<\/td><td>Morales Mojica<\/td><td>Centro escolar Lyndon B jhonson<\/td><td>D4<\/td><\/tr><tr><td>84<\/td><td>Dulce Mar\u00eda<\/td><td>Moran Reyes<\/td><td>Complejo Educativo Ciudad Futura\u00a0<\/td><td>D4<\/td><\/tr><tr><td>85<\/td><td>Jorge Andr\u00e9s<\/td><td>Mu\u00f1oz Molina<\/td><td>Complejo Educativo Doctor Orlando de Sola\u00a0<\/td><td>D4<\/td><\/tr><tr><td>86<\/td><td>Camila Alexandra<\/td><td>Obispo Rivas<\/td><td>Centro Escolar Canton El Socorro\u00a0<\/td><td>D4<\/td><\/tr><tr><td>87<\/td><td>Genesis Aminta<\/td><td>Ortiz Preza<\/td><td>Complejo Educativo Catolico El Carmelo\u00a0<\/td><td>D4<\/td><\/tr><tr><td>88<\/td><td>Sara Del Carmen<\/td><td>Ortiz V\u00e1squez<\/td><td>Complejo Educativo Cat\u00f3lico San Antonio<\/td><td>D4<\/td><\/tr><tr><td>89<\/td><td>Denisse Fiorella<\/td><td>Osorio L\u00f3pez<\/td><td>Centro Escolar Doctor Arturo Romero\u00a0<\/td><td>D4<\/td><\/tr><tr><td>90<\/td><td>Sofia Paola<\/td><td>Palacios Diaz<\/td><td>Centro Escolar Profesor Justo Gonzalez\u00a0<\/td><td>D4<\/td><\/tr><tr><td>91<\/td><td>David Alejandro<\/td><td>Palacios D\u00edaz<\/td><td>Centro Escolar Agustin Linares\u00a0<\/td><td>D4<\/td><\/tr><tr><td>92<\/td><td>Benjamin David<\/td><td>Palacios Guevara<\/td><td>Centro Escolar Reparto Los Santos<\/td><td>D4<\/td><\/tr><tr><td>93<\/td><td>Hansy Paola<\/td><td>Paname\u00f1o Canizales<\/td><td>Centro Escolar Cat\u00f3lico Marista\u00a0<\/td><td>D4<\/td><\/tr><tr><td>94<\/td><td>Paula Bertila<\/td><td>Paname\u00f1o Ibarra<\/td><td>Complejo Educativo Angela De Soler\u00a0<\/td><td>D4<\/td><\/tr><tr><td>95<\/td><td>N\u00e9stor Andr\u00e9<\/td><td>Pe\u00f1a Sandoval<\/td><td>Centro Escolar Cat\u00f3lico Monse\u00f1or Esteban Alliet<\/td><td>D4<\/td><\/tr><tr><td>96<\/td><td>Ronald Esau<\/td><td>Pe\u00f1a V\u00e1squez<\/td><td>Colegio Reverendo Donald William Benner\u00a0<\/td><td>D4<\/td><\/tr><tr><td>97<\/td><td>Estefany Alexandra<\/td><td>Pereira S\u00e1nchez<\/td><td>Complejo Educativo Cat\u00f3lico San Martin Obispo<\/td><td>D4<\/td><\/tr><tr><td>98<\/td><td>Jimena Valeria<\/td><td>P\u00e9rez Guevara<\/td><td>Complejo Educativo Cat\u00f3lico Luisa De Marillac\u00a0<\/td><td>D4<\/td><\/tr><tr><td>99<\/td><td>Paola Magaly<\/td><td>Pineda Castillo<\/td><td>Centro Escolar Barrio Bel\u00e9n<\/td><td>D4<\/td><\/tr><tr><td>100<\/td><td>Andr\u00e9s Leonardo<\/td><td>Portillo Monge<\/td><td>Liceo Cristiano Reverendo Juan Bueno Central\u00a0<\/td><td>D4<\/td><\/tr><tr><td>101<\/td><td>Fatima Marcela<\/td><td>Quezada Bonilla<\/td><td>Centro Escolar Cat\u00f3lico Monse\u00f1or Esteban Alliet<\/td><td>D4<\/td><\/tr><tr><td>102<\/td><td>Diego Isaac<\/td><td>Quintanilla Rivas<\/td><td>Colegio Cital\u00e1<\/td><td>D4<\/td><\/tr><tr><td>103<\/td><td>Estefany Alejandra<\/td><td>Ram\u00edrez Belloso<\/td><td>Centro Escolar De Huizucar\u00a0<\/td><td>D4<\/td><\/tr><tr><td>104<\/td><td>Karla Gabriela<\/td><td>Ram\u00edrez Castro<\/td><td>Escuela Salesiana Maria Auxiliadora\u00a0<\/td><td>D4<\/td><\/tr><tr><td>105<\/td><td>Francisco Alexis<\/td><td>Ram\u00edrez Hern\u00e1ndez<\/td><td>Centro Escolar Catolico Pablo Vi\u00a0<\/td><td>D5<\/td><\/tr><tr><td>106<\/td><td>Ashley Daniela<\/td><td>Ram\u00edrez Monjaras<\/td><td>Centro Escolar Catolico Santa Catalina\u00a0<\/td><td>D5<\/td><\/tr><tr><td>107<\/td><td>Alejandra Xiomara<\/td><td>Rec\u00e9n Consuegra<\/td><td>Centro Escolar Ciudad Credisa\u00a0<\/td><td>D5<\/td><\/tr><tr><td>108<\/td><td>Jonathan Alexander<\/td><td>Rico Moz<\/td><td>Complejo Educativo Profesora Maria Amanda Artiga De Villalta\u00a0<\/td><td>D5<\/td><\/tr><tr><td>109<\/td><td>Vanessa Nicole<\/td><td>Rivas Garcia<\/td><td>Escuela Salesiana Mar\u00eda Mazzarello\u00a0<\/td><td>D5<\/td><\/tr><tr><td>110<\/td><td>Diana Cecilia<\/td><td>Rivas Manc\u00eda<\/td><td>Escuela Salesiana Mar\u00eda Mazzarello\u00a0<\/td><td>D5<\/td><\/tr><tr><td>111<\/td><td>Dora Alicia<\/td><td>Rivas Pe\u00f1a<\/td><td>Complejo Educativo Amalia Vda De Menendez\u00a0<\/td><td>D5<\/td><\/tr><tr><td>112<\/td><td>Marco Adonay<\/td><td>Rivera Santos<\/td><td>Complejo Educativo Amalia Vda De Menendez\u00a0<\/td><td>D5<\/td><\/tr><tr><td>113<\/td><td>David Ezequiel<\/td><td>Rodr\u00edguez Santos<\/td><td>Liceo Cristiano Reverendo Juan Bueno De Ciudad Delgado\u00a0<\/td><td>D5<\/td><\/tr><tr><td>114<\/td><td>Cesar Daniel<\/td><td>Romero Amaya<\/td><td>Centro Escolar Doctor Arturo Romero<\/td><td>D5<\/td><\/tr><tr><td>115<\/td><td>Daniel Stanley<\/td><td>Romero Claros<\/td><td>Complejo Educativo Concha Viuda De Escal\u00f3n\u00a0<\/td><td>D5<\/td><\/tr><tr><td>116<\/td><td>Gustavo Vladimir<\/td><td>Romero Sosa<\/td><td>Colegio Cital\u00e1<\/td><td>D5<\/td><\/tr><tr><td>117<\/td><td>Genesis Abigail<\/td><td>S\u00e1nchez Arias<\/td><td>Centro Escolar Reino De Dinamarca<\/td><td>D5<\/td><\/tr><tr><td>118<\/td><td>Aar\u00f3n Isa\u00ed<\/td><td>Santos Jim\u00e9nez<\/td><td>Complejo Educativo Cat\u00f3lico Fray Martin De Porres\u00a0<\/td><td>D5<\/td><\/tr><tr><td>119<\/td><td>Edward Alejandro<\/td><td>Santos Ventura<\/td><td>Centro Escolar Doctor Arturo Romero\u00a0<\/td><td>D5<\/td><\/tr><tr><td>120<\/td><td>Daniela Abigail<\/td><td>Sig\u00fcenza Aguilar<\/td><td>Complejo Educativo Cat\u00f3lico Fray Martin De Porres\u00a0<\/td><td>D5<\/td><\/tr><tr><td>121<\/td><td>Gabriela Nicole<\/td><td>Silva Mundo<\/td><td>Centro Escolar Walter Thilo Deininger\u00a0<\/td><td>D5<\/td><\/tr><tr><td>122<\/td><td>Katherine Beatriz<\/td><td>Turcios Paname\u00f1o<\/td><td>Centro Escolar Cat\u00f3lico Santa Luisa<\/td><td>D5<\/td><\/tr><tr><td>123<\/td><td>Brandon Steven<\/td><td>Valiente Ortiz<\/td><td>Complejo Educativo Cat\u00f3lico &#8220;San Jos\u00e9&#8221;<\/td><td>D5<\/td><\/tr><tr><td>124<\/td><td>Samuel Geovanny<\/td><td>Valles Pe\u00f1alva<\/td><td>Centro Escolar Cat\u00f3lico Nuestra Se\u00f1ora de Lourdes<\/td><td>D5<\/td><\/tr><tr><td>125<\/td><td>Cesia Nayeli<\/td><td>V\u00e1squez \u00c9vora<\/td><td>Complejo Educativo Profesora Mar\u00eda Amanda Artiga De Villalta\u00a0<\/td><td>D5<\/td><\/tr><tr><td>126<\/td><td>Mar\u00eda Fernanda<\/td><td>V\u00e1squez Hern\u00e1ndez<\/td><td>Complejo Educativo Rep\u00fablica Oriental del Uruguay\u00a0<\/td><td>D5<\/td><\/tr><tr><td>127<\/td><td>Katherine Julie<\/td><td>V\u00e1squez L\u00f3pez<\/td><td>Centro Escolar Comunidad Serpas\u00a0<\/td><td>D5<\/td><\/tr><tr><td>128<\/td><td>Angelica de la Cruz<\/td><td>V\u00e1squez M\u00e9ndez<\/td><td>Centro Escolar Cat\u00f3lico de Panchimalco<\/td><td>D5<\/td><\/tr><tr><td>129<\/td><td>Carlos Eduardo<\/td><td>Vel\u00e1squez Soriano<\/td><td>Centro Escolar Doctor Arturo Romero\u00a0<\/td><td>D5<\/td><\/tr><tr><td>130<\/td><td>Paola Berenice<\/td><td>Vivas P\u00e9rez<\/td><td>Centro Escolar Asociaci\u00f3n Salvadore\u00f1a De Se\u00f1oras De Ingenieros Civiles\u00a0<\/td><td>D5<\/td><\/tr><tr><td>131<\/td><td>Maryori Andreina<\/td><td>Zepeda Alfaro<\/td><td>Complejo Educativo Reparto Valle Nuevo\u00a0<\/td><td>D5<\/td><\/tr><\/tbody><\/table>\t\t\t\t\t\t\t\t<\/div>\n\t\t\t\t<\/div>\n\t\t\t\t\t<\/div>\n\t\t<\/div>\n\t\t\t\t\t<\/div>\n\t\t<\/section>\n\t\t\t\t<section class=\"elementor-section elementor-top-section elementor-element elementor-element-0f76810 elementor-section-content-middle elementor-section-full_width elementor-hidden-widescreen elementor-hidden-desktop elementor-hidden-laptop elementor-hidden-tablet_extra elementor-hidden-tablet elementor-hidden-mobile_extra elementor-hidden-mobile elementor-section-height-default elementor-section-height-default\" data-id=\"0f76810\" data-element_type=\"section\" id=\"SSSAT3\" data-settings=\"{&quot;background_background&quot;:&quot;classic&quot;}\">\n\t\t\t\t\t\t<div class=\"elementor-container elementor-column-gap-no\">\n\t\t\t\t\t<div class=\"elementor-column elementor-col-100 elementor-top-column elementor-element elementor-element-e850fef\" data-id=\"e850fef\" data-element_type=\"column\">\n\t\t\t<div class=\"elementor-widget-wrap elementor-element-populated\">\n\t\t\t\t\t\t<div class=\"elementor-element elementor-element-d61c626 elementor-widget elementor-widget-heading\" data-id=\"d61c626\" data-element_type=\"widget\" data-widget_type=\"heading.default\">\n\t\t\t\t<div class=\"elementor-widget-container\">\n\t\t\t\t\t<h1 class=\"elementor-heading-title elementor-size-default\">San Salvador - Sabatino<\/h1>\t\t\t\t<\/div>\n\t\t\t\t<\/div>\n\t\t\t\t<div class=\"elementor-element elementor-element-e865119 elementor-widget elementor-widget-text-editor\" data-id=\"e865119\" data-element_type=\"widget\" data-widget_type=\"text-editor.default\">\n\t\t\t\t<div class=\"elementor-widget-container\">\n\t\t\t\t\t\t\t\t\t<p>Deber\u00e1s presentarte todos los d\u00edas indicados en el siguiente horario:<\/p><p><strong>Mi\u00e9rcoles 06, jueves 07, viernes 08 de diciembre de 8:00 am \u2013 11:20 am y s\u00e1bado 09 de Diciembre de 7:30 am a 3:15 pm<\/strong><\/p>\t\t\t\t\t\t\t\t<\/div>\n\t\t\t\t<\/div>\n\t\t\t\t<div class=\"elementor-element elementor-element-000cec5 elementor-widget elementor-widget-text-editor\" data-id=\"000cec5\" data-element_type=\"widget\" data-widget_type=\"text-editor.default\">\n\t\t\t\t<div class=\"elementor-widget-container\">\n\t\t\t\t\t\t\t\t\t<p>para agregar el cuadro<\/p>\t\t\t\t\t\t\t\t<\/div>\n\t\t\t\t<\/div>\n\t\t\t\t\t<\/div>\n\t\t<\/div>\n\t\t\t\t\t<\/div>\n\t\t<\/section>\n\t\t\t\t<section class=\"elementor-section elementor-top-section elementor-element elementor-element-b8836cf elementor-section-content-middle elementor-section-full_width elementor-section-height-default elementor-section-height-default\" data-id=\"b8836cf\" data-element_type=\"section\" id=\"SAFT3\" data-settings=\"{&quot;background_background&quot;:&quot;classic&quot;}\">\n\t\t\t\t\t\t<div class=\"elementor-container elementor-column-gap-no\">\n\t\t\t\t\t<div class=\"elementor-column elementor-col-100 elementor-top-column elementor-element elementor-element-d19fa48\" data-id=\"d19fa48\" data-element_type=\"column\">\n\t\t\t<div class=\"elementor-widget-wrap elementor-element-populated\">\n\t\t\t\t\t\t<div class=\"elementor-element elementor-element-bf4387a elementor-widget elementor-widget-heading\" data-id=\"bf4387a\" data-element_type=\"widget\" data-widget_type=\"heading.default\">\n\t\t\t\t<div class=\"elementor-widget-container\">\n\t\t\t\t\t<h1 class=\"elementor-heading-title elementor-size-default\">Santa Ana - Tiempo completo<\/h1>\t\t\t\t<\/div>\n\t\t\t\t<\/div>\n\t\t\t\t<div class=\"elementor-element elementor-element-b9a0d1b elementor-widget elementor-widget-text-editor\" data-id=\"b9a0d1b\" data-element_type=\"widget\" data-widget_type=\"text-editor.default\">\n\t\t\t\t<div class=\"elementor-widget-container\">\n\t\t\t\t\t\t\t\t\t<p>Deber\u00e1s presentarte todos los d\u00edas indicados en el siguiente horario:<\/p><p><b>Lunes 09 y Martes 10 de diciembre 2024 Horario de entrada: 1:40 pm Salida a las 5:00 pm. <\/b><\/p><p><b>Mi\u00e9rcoles 11 y jueves 12 de diciembre 2024 Horario de entrada: 8 am Salida a las 11:20 am<\/b><\/p>\t\t\t\t\t\t\t\t<\/div>\n\t\t\t\t<\/div>\n\t\t\t\t<div class=\"elementor-element elementor-element-676d201 elementor-widget elementor-widget-text-editor\" data-id=\"676d201\" data-element_type=\"widget\" data-widget_type=\"text-editor.default\">\n\t\t\t\t<div class=\"elementor-widget-container\">\n\t\t\t\t\t\t\t\t\t<table width=\"1127\"><tbody><tr><td width=\"84\">N\u00b0<\/td><td width=\"265\"><b>Name<\/b><\/td><td width=\"204\"><b>Apellido<\/b><\/td><td width=\"490\"><b>Centro Educativo<\/b>\u00a0<\/td><td width=\"84\"><b>Grupo<\/b><\/td><\/tr><tr><td>1<\/td><td>Ashley Patricia\u00a0<\/td><td>Abrego Aguilar<\/td><td>Complejo Educativo Presb\u00edtero Rafael Paz Fuentes\u00a0<\/td><td>D1<\/td><\/tr><tr><td>2<\/td><td>David Isaac\u00a0<\/td><td>Acosta Urbina<\/td><td>Centro Escolar Tom\u00e1s Medina<\/td><td>D1<\/td><\/tr><tr><td>3<\/td><td>Sof\u00eda Abigail<\/td><td>Aquino Bernal<\/td><td>Centro Escolar Cat\u00f3lico San Vicente De Paul\u00a0<\/td><td>D1<\/td><\/tr><tr><td>4<\/td><td>Ever Ernesto\u00a0<\/td><td>Ar\u00e9valo Zece\u00f1a<\/td><td>Centro Escolar Florinda B Gonz\u00e1lez<\/td><td>D1<\/td><\/tr><tr><td>5<\/td><td>Mia Elizabeth\u00a0<\/td><td>Arias Quinteros<\/td><td>Centro Escolar Colonia Santa Leonor\u00a0<\/td><td>D1<\/td><\/tr><tr><td>6<\/td><td>Alisson Eunice<\/td><td>Ascencio Vallecios<\/td><td>Complejo Educativo Cat\u00f3lico Mar\u00eda Auxiliadora\u00a0<\/td><td>D1<\/td><\/tr><tr><td>7<\/td><td>Daniela Marjuri\u00a0<\/td><td>Barrera Velis<\/td><td>Colegio La Fe\u00a0<\/td><td>D1<\/td><\/tr><tr><td>8<\/td><td>Lesly Rosmery\u00a0<\/td><td>Bonilla Mart\u00ednez<\/td><td>Centro De Ense\u00f1anza Pedag\u00f3gico Se\u00f1orita Cruz Castro Guevara\u00a0<\/td><td>D1<\/td><\/tr><tr><td>9<\/td><td>Sof\u00eda Valeria\u00a0<\/td><td>Contreras Ba\u00f1os<\/td><td>Centro Escolar Cat\u00f3lico Santa Familia\u00a0<\/td><td>D1<\/td><\/tr><tr><td>10<\/td><td>Luisa Mar\u00eda\u00a0<\/td><td>Gonz\u00e1lez \u00c1lvarez<\/td><td>Centro Escolar Guadalupe Retana Herrera\u00a0<\/td><td>D1<\/td><\/tr><tr><td>11<\/td><td>Katy Fabiola\u00a0<\/td><td>Granados Hern\u00e1ndez<\/td><td>Centro Escolar Manuel \u00c1lvarez Maga\u00f1a<\/td><td>D1<\/td><\/tr><tr><td>12<\/td><td>Helen Nohemy\u00a0<\/td><td>Guerra Ochoa<\/td><td>Centro Escolar Sim\u00f3n Bol\u00edvar\u00a0<\/td><td>D1<\/td><\/tr><tr><td>13<\/td><td>Melissa Carolina\u00a0<\/td><td>Guti\u00e9rrez Mungu\u00eda<\/td><td>Centro Escolar Cat\u00f3lico San Vicente De Paul\u00a0<\/td><td>D1<\/td><\/tr><tr><td>14<\/td><td>Stephanie Dayana\u00a0<\/td><td>Guzm\u00e1n Chac\u00f3n<\/td><td>Complejo Educativo Cat\u00f3lico Mar\u00eda Auxiliadora\u00a0<\/td><td>D1<\/td><\/tr><tr><td>15<\/td><td>Keily Esperanza\u00a0<\/td><td>Lara P\u00e9rez<\/td><td>Centro Escolar Cant\u00f3n Monte Alegre<\/td><td>D1<\/td><\/tr><tr><td>16<\/td><td>Tatiana Elizabeth\u00a0<\/td><td>L\u00f3pez Maga\u00f1a<\/td><td>Complejo Educativo Cat\u00f3lico Juan XXIII<\/td><td>D1<\/td><\/tr><tr><td>17<\/td><td>M\u00f3nica Vanessa\u00a0<\/td><td>Mart\u00ednez Rincano<\/td><td>Centro Escolar Cat\u00f3lico Hogar Santa Mar\u00eda Goretti\u00a0<\/td><td>D1<\/td><\/tr><tr><td>18<\/td><td>Celia Alexandra\u00a0<\/td><td>Mej\u00eda Cuellar<\/td><td>Centro Escolar Jos\u00e9 Antonio Mart\u00ednez<\/td><td>D1<\/td><\/tr><tr><td>19<\/td><td>Edwin Geovanni\u00a0<\/td><td>Mej\u00eda Gavidia<\/td><td>Centro Escolar Doctor Salvador Mendieta<\/td><td>D1<\/td><\/tr><tr><td>20<\/td><td>Mariana Eunice\u00a0<\/td><td>Morales Clemente<\/td><td>Centro Escolar General Francisco Moraz\u00e1n\u00a0<\/td><td>D1<\/td><\/tr><tr><td>21<\/td><td>Allison Irene\u00a0<\/td><td>Palacios Godoy<\/td><td>Centro Escolar Rep\u00fablica De Venezuela\u00a0<\/td><td>D1<\/td><\/tr><tr><td>22<\/td><td>Paola Valentina\u00a0<\/td><td>Qui\u00f1onez Alarc\u00f3n<\/td><td>Colegio Albert Einstein<\/td><td>D1<\/td><\/tr><tr><td>23<\/td><td>Josu\u00e9 Alexander\u00a0<\/td><td>Ramos Ponce<\/td><td>Complejo Educativo Colonia Qui\u00f1onez\u00a0<\/td><td>D1<\/td><\/tr><tr><td>24<\/td><td>Krissia Naomy<\/td><td>Rodr\u00edguez Escobar<\/td><td>Centro Escolar Doctor Humberto Quintero\u00a0<\/td><td>D1<\/td><\/tr><tr><td>25<\/td><td>Edith de los \u00c1ngeles<\/td><td>Rodr\u00edguez Portillo<\/td><td>Centro Escolar INSA<\/td><td>D1<\/td><\/tr><tr><td>26<\/td><td>Melanie Fabiola\u00a0<\/td><td>Ruiz Anaya<\/td><td>Complejo Educativo Profesor Mart\u00edn Romeo Monterrosa Rodr\u00edguez\u00a0<\/td><td>D1<\/td><\/tr><tr><td>27<\/td><td>Ashly Sahory<\/td><td>Serrano Recinos<\/td><td>Colegio Psicopedag\u00f3gico Benito P\u00e9rez Gald\u00f3s<\/td><td>D1<\/td><\/tr><tr><td>28<\/td><td>Cristofer Robin<\/td><td>Valencia Le\u00f3n<\/td><td>Centro Escolar Francisco Gavidia\u00a0<\/td><td>D1<\/td><\/tr><tr><td>29<\/td><td>Melany Sof\u00eda\u00a0<\/td><td>Zepeda Retana<\/td><td>Complejo Educativo Benito Ju\u00e1rez\u00a0<\/td><td>D1<\/td><\/tr><tr><td>30<\/td><td>Gabriela Melissa\u00a0<\/td><td>Agui\u00f1ada Mor\u00e1n<\/td><td>Complejo Educativo Ciudad Real Cant\u00f3n Los Amates\u00a0<\/td><td>D2<\/td><\/tr><tr><td>31<\/td><td>Luciana Jeannette\u00a0<\/td><td>Ayala Argueta<\/td><td>Centro Escolar Cat\u00f3lico San Vicente De Paul\u00a0<\/td><td>D2<\/td><\/tr><tr><td>32<\/td><td>Samira Maricela\u00a0<\/td><td>Cabrera Vides<\/td><td>Centro Escolar Juan Jos\u00e9 Bernal\u00a0<\/td><td>D2<\/td><\/tr><tr><td>33<\/td><td>Camila Daniela\u00a0<\/td><td>Calder\u00f3n Ram\u00edrez<\/td><td>Complejo Educativo Profesor Mart\u00edn Romeo Monterrosa Rodr\u00edguez\u00a0<\/td><td>D2<\/td><\/tr><tr><td>34<\/td><td>Nissi Bel\u00e9n\u00a0<\/td><td>Chac\u00f3n La\u00ednez<\/td><td>Complejo Educativo Cat\u00f3lico Mar\u00eda Auxiliadora\u00a0<\/td><td>D2<\/td><\/tr><tr><td>35<\/td><td>Nelson Alejandro\u00a0<\/td><td>Cruz Segundo<\/td><td>Centro Escolar INSA<\/td><td>D2<\/td><\/tr><tr><td>36<\/td><td>Raquel Esmeralda\u00a0<\/td><td>D\u00edaz Manc\u00eda<\/td><td>Centro Escolar Florinda B Gonz\u00e1lez<\/td><td>D2<\/td><\/tr><tr><td>37<\/td><td>Valery Michell<\/td><td>D\u00edaz Murcia<\/td><td>Centro Escolar Salvador Castaneda Castro<\/td><td>D2<\/td><\/tr><tr><td>38<\/td><td>Dayana Michelle\u00a0<\/td><td>Guevara Tobar<\/td><td>Centro De Ense\u00f1anza Pedag\u00f3gico Se\u00f1orita Cruz Castro Guevara\u00a0<\/td><td>D2<\/td><\/tr><tr><td>39<\/td><td>Josselyn Sara\u00ed\u00a0<\/td><td>Guti\u00e9rrez Aguilar<\/td><td>Centro Escolar El Congo<\/td><td>D2<\/td><\/tr><tr><td>40<\/td><td>Edgar Alejandro\u00a0<\/td><td>Hern\u00e1ndez Mendoza<\/td><td>Complejo Educativo Llano Largo Cant\u00f3n Ayuta\u00a0<\/td><td>D2<\/td><\/tr><tr><td>41<\/td><td>Gloria Nicolle\u00a0<\/td><td>Hern\u00e1ndez Morales<\/td><td>Centro Escolar Sim\u00f3n Bol\u00edvar<\/td><td>D2<\/td><\/tr><tr><td>42<\/td><td>Daniela Michelle\u00a0<\/td><td>Herrera Cruz<\/td><td>Centro Escolar Cat\u00f3lico San Vicente De Paul\u00a0<\/td><td>D2<\/td><\/tr><tr><td>43<\/td><td>Ashley Alejandra<\/td><td>Linares Hern\u00e1ndez<\/td><td>Centro Escolar Caser\u00edo El Cerr\u00f3n\u00a0<\/td><td>D2<\/td><\/tr><tr><td>44<\/td><td>Angie Nicolle<\/td><td>Linares Monge<\/td><td>Centro Escolar Jos\u00e9 Alejandro Cabrera\u00a0<\/td><td>D2<\/td><\/tr><tr><td>45<\/td><td>Mar\u00eda Jos\u00e9\u00a0<\/td><td>Mancia M\u00e9ndez<\/td><td>Centro Escolar Cat\u00f3lico Santa Familia\u00a0<\/td><td>D2<\/td><\/tr><tr><td>46<\/td><td>Fernanda Marchelli\u00a0<\/td><td>Marroqu\u00edn Castro<\/td><td>Colegio La Fe<\/td><td>D2<\/td><\/tr><tr><td>47<\/td><td>Katherin Yaneth\u00a0<\/td><td>Mart\u00ednez Ram\u00edrez<\/td><td>Centro Escolar Francisco Ignacio Cordero\u00a0<\/td><td>D2<\/td><\/tr><tr><td>48<\/td><td>Axel Geovany\u00a0<\/td><td>Men\u00e9ndez Trujillo<\/td><td>Centro Escolar General Salvador Castaneda Castro\u00a0<\/td><td>D2<\/td><\/tr><tr><td>49<\/td><td>Frida Sof\u00eda\u00a0<\/td><td>Morales Valdez<\/td><td>Liceo Cristiano Reverendo Juan Bueno Comecayo<\/td><td>D2<\/td><\/tr><tr><td>50<\/td><td>Katherine Jasmin\u00a0<\/td><td>Orellana Deras<\/td><td>Centro Escolar Marcelina viuda de Granillo<\/td><td>D2<\/td><\/tr><tr><td>51<\/td><td>Ashley Fernanda\u00a0<\/td><td>Ortega Ruiz<\/td><td>Complejo Educativo Cat\u00f3lico Mar\u00eda Auxiliadora\u00a0<\/td><td>D2<\/td><\/tr><tr><td>52<\/td><td>Sandra Elizabeth\u00a0<\/td><td>Pineda N\u00fa\u00f1ez<\/td><td>Centro Escolar Tomas Medina El Palmar<\/td><td>D2<\/td><\/tr><tr><td>53<\/td><td>Emily Elizabeth<\/td><td>Quintanilla Morales<\/td><td>Centro Escolar Cat\u00f3lico Hogar Santa Mar\u00eda Goreti<\/td><td>D2<\/td><\/tr><tr><td>54<\/td><td>Karen Nayely\u00a0<\/td><td>Ramos Torres<\/td><td>Complejo Educativo Caser\u00edo Llano Largo<\/td><td>D2<\/td><\/tr><tr><td>55<\/td><td>Fernanda Paola\u00a0<\/td><td>Sandoval Clemente<\/td><td>Complejo Educativo Caser\u00edo San Luis<\/td><td>D2<\/td><\/tr><tr><td>56<\/td><td>Anderson Vladimir\u00a0<\/td><td>Serrano Figueroa<\/td><td>Centro Escolar Doctor Salvador Ayala\u00a0<\/td><td>D2<\/td><\/tr><tr><td>57<\/td><td>Harold Ariel\u00a0<\/td><td>Serrano Recinos<\/td><td>Centro Psicopedag\u00f3gico Benito P\u00e9rez Galdos\u00a0<\/td><td>D2<\/td><\/tr><tr><td>58<\/td><td>Yaneth Alexandra\u00a0<\/td><td>Vel\u00e1squez Pe\u00f1a<\/td><td>Centro Escolar Doctor Ranulfo Castro<\/td><td>D2<\/td><\/tr><tr><td>59<\/td><td>Tatiana Esperanza\u00a0<\/td><td>Aguirre Mart\u00ednez<\/td><td>Centro Escolar Jos\u00e9 Antonio Mart\u00ednez\u00a0<\/td><td>D3<\/td><\/tr><tr><td>60<\/td><td>Roxana Fabiola\u00a0<\/td><td>Ayala Argueta<\/td><td>Centro Escolar Cat\u00f3lico San Vicente De Paul<\/td><td>D3<\/td><\/tr><tr><td>61<\/td><td>Valeria Abigail\u00a0<\/td><td>Barrientos C\u00e1rcamo<\/td><td>Centro Escolar Doctor Humberto Quintero<\/td><td>D3<\/td><\/tr><tr><td>62<\/td><td>Roc\u00edo Sara\u00ed\u00a0<\/td><td>Calder\u00f3n Maga\u00f1a<\/td><td>Complejo Educativo Cat\u00f3lico Juan XXIII<\/td><td>D3<\/td><\/tr><tr><td>63<\/td><td>Jos\u00e9 Eduardo\u00a0<\/td><td>Carballo Acevedo<\/td><td>Centro Escolar General Francisco Moraz\u00e1n\u00a0<\/td><td>D3<\/td><\/tr><tr><td>64<\/td><td>Camila Nicolle\u00a0<\/td><td>Contreras Ba\u00f1os<\/td><td>Centro Escolar Cat\u00f3lico Santa Familia<\/td><td>D3<\/td><\/tr><tr><td>65<\/td><td>Dalia Sof\u00eda\u00a0<\/td><td>Del \u00c1guila D\u00edaz<\/td><td>Complejo Educativo Cat\u00f3lico Mar\u00eda Auxiliadora\u00a0<\/td><td>D3<\/td><\/tr><tr><td>66<\/td><td>Jacqueline Esmeralda\u00a0<\/td><td>Dur\u00e1n Mendoza<\/td><td>Centro Escolar Uni\u00f3n Centroamericana<\/td><td>D3<\/td><\/tr><tr><td>67<\/td><td>Merari Sara\u00ed\u00a0<\/td><td>Escalante Valdez<\/td><td>Centro Escolar Mercedes Monterrosa De C\u00e1rcamo<\/td><td>D3<\/td><\/tr><tr><td>68<\/td><td>Brandon Josu\u00e9\u00a0<\/td><td>Escobar Moran<\/td><td>Centro Escolar Colonia El Ed\u00e9n\u00a0<\/td><td>D3<\/td><\/tr><tr><td>69<\/td><td>Aar\u00f3n Mois\u00e9s\u00a0<\/td><td>Flores Noyola<\/td><td>Complejo Educativo Ciudad Real Cant\u00f3n Los Amates\u00a0<\/td><td>D3<\/td><\/tr><tr><td>70<\/td><td>Iris Griselda\u00a0<\/td><td>Garc\u00eda Escobar<\/td><td>Centro Escolar INSA<\/td><td>D3<\/td><\/tr><tr><td>71<\/td><td>Mois\u00e9s Alejandro\u00a0<\/td><td>Granados Hern\u00e1ndez<\/td><td>Complejo Educativo Profesor Mart\u00edn Romeo Monterrosa Rodr\u00edguez<\/td><td>D3<\/td><\/tr><tr><td>72<\/td><td>Gabriel Eliseo\u00a0<\/td><td>Guerra Rodr\u00edguez<\/td><td>Colegio Cristiano Emanuel\u00a0<\/td><td>D3<\/td><\/tr><tr><td>73<\/td><td>Joan Manuel\u00a0<\/td><td>Guzm\u00e1n Ascencio<\/td><td>Centro Escolar Lomas Del Tecana<\/td><td>D3<\/td><\/tr><tr><td>74<\/td><td>Gabriela Beatriz\u00a0<\/td><td>Henr\u00edquez L\u00f3pez<\/td><td>Centro Escolar El Congo\u00a0<\/td><td>D3<\/td><\/tr><tr><td>75<\/td><td>Nelson Alexander<\/td><td>Jim\u00e9nez Salas<\/td><td>Centro Escolar Sim\u00f3n Bol\u00edvar\u00a0<\/td><td>D3<\/td><\/tr><tr><td>76<\/td><td>Luz de Mar\u00eda\u00a0<\/td><td>Ju\u00e1rez Caz\u00fan<\/td><td>Centro De Ense\u00f1anza Pedag\u00f3gico Se\u00f1orita Cruz Castro Guevara\u00a0<\/td><td>D3<\/td><\/tr><tr><td>77<\/td><td>F\u00e1tima Guadalupe<\/td><td>Landaverde Zetino<\/td><td>Centro Escolar Cat\u00f3lico Nuestra Se\u00f1ora De Guadalupe<\/td><td>D3<\/td><\/tr><tr><td>78<\/td><td>Carlos David<\/td><td>Marroqu\u00edn Men\u00e9ndez<\/td><td>Complejo Educativo Capit\u00e1n General Gerardo Barrios\u00a0<\/td><td>D3<\/td><\/tr><tr><td>79<\/td><td>Cesar Antonio\u00a0<\/td><td>Molina Escobar<\/td><td>Complejo Educativo Llano Largo Cant\u00f3n Ayuta\u00a0<\/td><td>D3<\/td><\/tr><tr><td>80<\/td><td>Madelyn Claribel\u00a0<\/td><td>Monterrosa Urquilla<\/td><td>Centro Escolar Doctor Salvador Ayala<\/td><td>D3<\/td><\/tr><tr><td>81<\/td><td>Gabriela Esmeralda\u00a0<\/td><td>Oliva Anaya<\/td><td>Complejo Educativo Colonia Qui\u00f1onez\u00a0<\/td><td>D3<\/td><\/tr><tr><td>82<\/td><td>Keiry Christina\u00a0<\/td><td>Osorio Erazo<\/td><td>Centro Escolar Florinda B Gonz\u00e1lez<\/td><td>D3<\/td><\/tr><tr><td>83<\/td><td>Damaris Stephanie\u00a0<\/td><td>Pinz\u00f3n Ramos<\/td><td>Centro Escolar Salvador Mart\u00ednez Figueroa<\/td><td>D3<\/td><\/tr><tr><td>84<\/td><td>Jennifer de Los \u00c1ngeles\u00a0<\/td><td>Ramos Murcia<\/td><td>Centro Escolar General Salvador Castaneda Castro<\/td><td>D3<\/td><\/tr><tr><td>85<\/td><td>Marcela Alejandra\u00a0<\/td><td>Rivera Hern\u00e1ndez<\/td><td>Centro Escolar Caser\u00edo El Cerr\u00f3n<\/td><td>D3<\/td><\/tr><tr><td>86<\/td><td>Eduardo Alejandro\u00a0<\/td><td>Viana Castro<\/td><td>Colegio La Fe\u00a0<\/td><td>D3<\/td><\/tr><tr><td>87<\/td><td>Anderson Odir\u00a0<\/td><td>Aguilar Hern\u00e1ndez<\/td><td>Centro Escolar Florinda B Gonz\u00e1lez<\/td><td>D4<\/td><\/tr><tr><td>88<\/td><td>Carlos Eduardo<\/td><td>Alvarado Ruballos<\/td><td>Centro Escolar Doctor Salvador Mendieta\u00a0<\/td><td>D4<\/td><\/tr><tr><td>89<\/td><td>Valeria Nahomy\u00a0<\/td><td>Calles Quijano<\/td><td>Centro Escolar Cat\u00f3lico San Vicente De Paul\u00a0<\/td><td>D4<\/td><\/tr><tr><td>90<\/td><td>Marielos Nicole\u00a0<\/td><td>Cardona Castillo<\/td><td>Centro Escolar Doctor Humberto Quintero\u00a0<\/td><td>D4<\/td><\/tr><tr><td>91<\/td><td>Alejandra Estefany\u00a0<\/td><td>Contreras Rivas<\/td><td>Centro Escolar Jos\u00e9 Antonio Mart\u00ednez\u00a0<\/td><td>D4<\/td><\/tr><tr><td>92<\/td><td>Fabiola Michelle\u00a0<\/td><td>Coto Ch\u00e1vez<\/td><td>Centro Escolar Napole\u00f3n R\u00edos<\/td><td>D4<\/td><\/tr><tr><td>93<\/td><td>Nicole Yamileth\u00a0<\/td><td>D\u00edaz Rodas<\/td><td>Complejo Educativo Anselma S\u00e1nchez De Manc\u00eda\u00a0<\/td><td>D4<\/td><\/tr><tr><td>94<\/td><td>\u00c1lvaro Rene<\/td><td>Garc\u00eda Tobar<\/td><td>Complejo Educativo Cat\u00f3lico Mar\u00eda Auxiliadora\u00a0<\/td><td>D4<\/td><\/tr><tr><td>95<\/td><td>Jorge Alejandro\u00a0<\/td><td>Gonz\u00e1lez Trigueros<\/td><td>Centro Escolar Sim\u00f3n Bol\u00edvar<\/td><td>D4<\/td><\/tr><tr><td>96<\/td><td>Joshua Gustavo\u00a0<\/td><td>Hern\u00e1ndez Guerrero<\/td><td>Centro Escolar INSA<\/td><td>D4<\/td><\/tr><tr><td>97<\/td><td>Steven Alexander\u00a0<\/td><td>L\u00f3pez Guzm\u00e1n<\/td><td>Centro Escolar Colonia La Mielera<\/td><td>D4<\/td><\/tr><tr><td>98<\/td><td>Michelle de los \u00c1ngeles\u00a0<\/td><td>Maeda Ruano<\/td><td>Centro De Ense\u00f1anza Pedag\u00f3gico Se\u00f1orita Cruz Castro Guevara\u00a0<\/td><td>D4<\/td><\/tr><tr><td>99<\/td><td>Melany Dayan\u00a0<\/td><td>Mart\u00ednez Mart\u00ednez<\/td><td>Centro Escolar Cat\u00f3lico San Vicente De Paul\u00a0<\/td><td>D4<\/td><\/tr><tr><td>100<\/td><td>Daniela Michelle\u00a0<\/td><td>Mej\u00eda Gonz\u00e1les<\/td><td>Centro Escolar Valle El Carmen\u00a0<\/td><td>D4<\/td><\/tr><tr><td>101<\/td><td>F\u00e1tima Isabel<\/td><td>Melgar Ramos<\/td><td>Centro Escolar Caser\u00edo Las Colinas\u00a0<\/td><td>D4<\/td><\/tr><tr><td>102<\/td><td>Edgar Alberto\u00a0<\/td><td>Mendoza Alfaro<\/td><td>Centro Escolar Francisco Gavidia\u00a0<\/td><td>D4<\/td><\/tr><tr><td>103<\/td><td>Jonathan No\u00e9\u00a0<\/td><td>Orantes Aguilar<\/td><td>Complejo Educativo Colonia Qui\u00f1onez<\/td><td>D4<\/td><\/tr><tr><td>104<\/td><td>Stephanie Valeria<\/td><td>P\u00e9rez Cruz<\/td><td>Colegio Montessori\u00a0<\/td><td>D4<\/td><\/tr><tr><td>105<\/td><td>Saori Yesel\u00a0<\/td><td>Platero Garc\u00eda<\/td><td>Complejo Educativo Cat\u00f3lico Juan XXIII<\/td><td>D4<\/td><\/tr><tr><td>106<\/td><td>Ashley Nayeli\u00a0<\/td><td>Polanco Arteaga<\/td><td>Complejo Educativo Capit\u00e1n General Gerardo Barrios<\/td><td>D4<\/td><\/tr><tr><td>107<\/td><td>Helen Marcela\u00a0<\/td><td>Portillo Medina<\/td><td>Centro Escolar Lomas Del Tecana<\/td><td>D4<\/td><\/tr><tr><td>108<\/td><td>Andrea Paola\u00a0<\/td><td>Ram\u00edrez Gir\u00f3n<\/td><td>Centro Escolar General Salvador Castaneda Castro\u00a0<\/td><td>D4<\/td><\/tr><tr><td>109<\/td><td>Jos\u00e9 David\u00a0<\/td><td>Rivas Agreda<\/td><td>Centro Escolar Teodoro Moreno\u00a0<\/td><td>D4<\/td><\/tr><tr><td>110<\/td><td>Diego Antonio\u00a0<\/td><td>Rivas Zometa<\/td><td>Complejo Educativo Profesor Mart\u00edn Romeo Monterrosa Rodr\u00edguez\u00a0<\/td><td>D4<\/td><\/tr><tr><td>111<\/td><td>Mariana Isabel\u00a0<\/td><td>Sandoval Lima<\/td><td>Centro Escolar Francisco Ignacio Cordero\u00a0<\/td><td>D4<\/td><\/tr><tr><td>112<\/td><td>Esteban Benjam\u00edn\u00a0<\/td><td>Tec\u00fan Salazar<\/td><td>Colegio Centro Cristiano De Las Asambleas De Dios\u00a0<\/td><td>D4<\/td><\/tr><tr><td>113<\/td><td>Leslie Gabriela\u00a0<\/td><td>Valle Canales<\/td><td>Complejo Educativo Llano Largo Cant\u00f3n Ayuta<\/td><td>D4<\/td><\/tr><tr><td>114<\/td><td>Elida Sof\u00eda\u00a0<\/td><td>Zepeda Ruballo<\/td><td>Centro Escolar Cat\u00f3lico Nuestra Se\u00f1ora Del Refugio<\/td><td>D4<\/td><\/tr><\/tbody><\/table>\t\t\t\t\t\t\t\t<\/div>\n\t\t\t\t<\/div>\n\t\t\t\t<div class=\"elementor-element elementor-element-4982607 elementor-align-left elementor-mobile-align-center elementor-widget elementor-widget-button\" data-id=\"4982607\" data-element_type=\"widget\" id=\"SAFT3\" data-widget_type=\"button.default\">\n\t\t\t\t<div class=\"elementor-widget-container\">\n\t\t\t\t\t\t\t\t\t<div class=\"elementor-button-wrapper\">\n\t\t\t\t\t<a class=\"elementor-button elementor-button-link elementor-size-sm\" href=\"https:\/\/www.oportunidades.org.sv\/en\/listado-etapa-2-sabatino\/\">\n\t\t\t\t\t\t<span class=\"elementor-button-content-wrapper\">\n\t\t\t\t\t\t\t\t\t<span class=\"elementor-button-text\">San Miguel<\/span>\n\t\t\t\t\t<\/span>\n\t\t\t\t\t<\/a>\n\t\t\t\t<\/div>\n\t\t\t\t\t\t\t\t<\/div>\n\t\t\t\t<\/div>\n\t\t\t\t\t<\/div>\n\t\t<\/div>\n\t\t\t\t\t<\/div>\n\t\t<\/section>\n\t\t\t\t<section class=\"elementor-section elementor-top-section elementor-element elementor-element-aaa3c56 elementor-section-content-middle elementor-section-full_width elementor-hidden-widescreen elementor-hidden-desktop elementor-hidden-laptop elementor-hidden-tablet_extra elementor-hidden-tablet elementor-hidden-mobile_extra elementor-hidden-mobile elementor-section-height-default elementor-section-height-default\" data-id=\"aaa3c56\" data-element_type=\"section\" id=\"SASAT3\" data-settings=\"{&quot;background_background&quot;:&quot;classic&quot;}\">\n\t\t\t\t\t\t<div class=\"elementor-container elementor-column-gap-no\">\n\t\t\t\t\t<div class=\"elementor-column elementor-col-100 elementor-top-column elementor-element elementor-element-767c783\" data-id=\"767c783\" data-element_type=\"column\">\n\t\t\t<div class=\"elementor-widget-wrap elementor-element-populated\">\n\t\t\t\t\t\t<div class=\"elementor-element elementor-element-a81dd4e elementor-widget elementor-widget-heading\" data-id=\"a81dd4e\" data-element_type=\"widget\" data-widget_type=\"heading.default\">\n\t\t\t\t<div class=\"elementor-widget-container\">\n\t\t\t\t\t<h1 class=\"elementor-heading-title elementor-size-default\">Santa Ana - Sabatino<\/h1>\t\t\t\t<\/div>\n\t\t\t\t<\/div>\n\t\t\t\t<div class=\"elementor-element elementor-element-f3ce009 elementor-widget elementor-widget-text-editor\" data-id=\"f3ce009\" data-element_type=\"widget\" data-widget_type=\"text-editor.default\">\n\t\t\t\t<div class=\"elementor-widget-container\">\n\t\t\t\t\t\t\t\t\t<p>Deber\u00e1s presentarte todos los d\u00edas indicados en el siguiente horario:<\/p><p><strong>Mi\u00e9rcoles- 06- Jueves 07- Viernes 08 de diciembre 2023 de:\u00a0 7:50 am a 11:10\u00a0 am y S\u00e1bado 09 de diciembre de 2023 de: 7:30 am a 3:30 pm.<\/strong><\/p>\t\t\t\t\t\t\t\t<\/div>\n\t\t\t\t<\/div>\n\t\t\t\t<div class=\"elementor-element elementor-element-806204b elementor-widget elementor-widget-text-editor\" data-id=\"806204b\" data-element_type=\"widget\" data-widget_type=\"text-editor.default\">\n\t\t\t\t<div class=\"elementor-widget-container\">\n\t\t\t\t\t\t\t\t\t<p>aqui tabla<\/p>\t\t\t\t\t\t\t\t<\/div>\n\t\t\t\t<\/div>\n\t\t\t\t\t<\/div>\n\t\t<\/div>\n\t\t\t\t\t<\/div>\n\t\t<\/section>\n\t\t\t\t<section class=\"elementor-section elementor-top-section elementor-element elementor-element-45dba12 elementor-section-content-middle elementor-section-full_width elementor-hidden-widescreen elementor-hidden-desktop elementor-hidden-laptop elementor-hidden-tablet_extra elementor-hidden-tablet elementor-hidden-mobile_extra elementor-hidden-mobile elementor-section-height-default elementor-section-height-default\" data-id=\"45dba12\" data-element_type=\"section\" id=\"SO3\" data-settings=\"{&quot;background_background&quot;:&quot;classic&quot;}\">\n\t\t\t\t\t\t<div class=\"elementor-container elementor-column-gap-no\">\n\t\t\t\t\t<div class=\"elementor-column elementor-col-100 elementor-top-column elementor-element elementor-element-a85cd77\" data-id=\"a85cd77\" data-element_type=\"column\">\n\t\t\t<div class=\"elementor-widget-wrap elementor-element-populated\">\n\t\t\t\t\t\t<div class=\"elementor-element elementor-element-723fc53 elementor-widget elementor-widget-heading\" data-id=\"723fc53\" data-element_type=\"widget\" data-widget_type=\"heading.default\">\n\t\t\t\t<div class=\"elementor-widget-container\">\n\t\t\t\t\t<h1 class=\"elementor-heading-title elementor-size-default\">Sonsonate - Sabatino<\/h1>\t\t\t\t<\/div>\n\t\t\t\t<\/div>\n\t\t\t\t<div class=\"elementor-element elementor-element-505463e elementor-widget elementor-widget-text-editor\" data-id=\"505463e\" data-element_type=\"widget\" data-widget_type=\"text-editor.default\">\n\t\t\t\t<div class=\"elementor-widget-container\">\n\t\t\t\t\t\t\t\t\t<p>Deber\u00e1s presentarte todos los d\u00edas indicados en el siguiente horario:<\/p><p><strong>Mi\u00e9rcoles 06, jueves 07 y viernes 08 de diciembre, de 7:50 am a 11:20 am y <\/strong><strong>\u00a0s\u00e1bado 09 de diciembre, de 7:30 am a 3:15 pm (almuerzo incluido)<\/strong><\/p>\t\t\t\t\t\t\t\t<\/div>\n\t\t\t\t<\/div>\n\t\t\t\t<div class=\"elementor-element elementor-element-f988f24 elementor-widget elementor-widget-text-editor\" data-id=\"f988f24\" data-element_type=\"widget\" data-widget_type=\"text-editor.default\">\n\t\t\t\t<div class=\"elementor-widget-container\">\n\t\t\t\t\t\t\t\t\t<p style=\"text-align: center;\">Aqui tabla<\/p>\t\t\t\t\t\t\t\t<\/div>\n\t\t\t\t<\/div>\n\t\t\t\t\t<\/div>\n\t\t<\/div>\n\t\t\t\t\t<\/div>\n\t\t<\/section>\n\t\t\t\t<section class=\"elementor-section elementor-top-section elementor-element elementor-element-84d2f2c elementor-section-content-middle elementor-section-full_width elementor-hidden-widescreen elementor-hidden-desktop elementor-hidden-laptop elementor-hidden-tablet_extra elementor-hidden-tablet elementor-hidden-mobile_extra elementor-hidden-mobile elementor-section-height-default elementor-section-height-default\" data-id=\"84d2f2c\" data-element_type=\"section\" id=\"SM3\" data-settings=\"{&quot;background_background&quot;:&quot;classic&quot;}\">\n\t\t\t\t\t\t<div class=\"elementor-container elementor-column-gap-no\">\n\t\t\t\t\t<div class=\"elementor-column elementor-col-100 elementor-top-column elementor-element elementor-element-0d820d2\" data-id=\"0d820d2\" data-element_type=\"column\">\n\t\t\t<div class=\"elementor-widget-wrap elementor-element-populated\">\n\t\t\t\t\t\t<div class=\"elementor-element elementor-element-6c6f2bc elementor-widget elementor-widget-heading\" data-id=\"6c6f2bc\" data-element_type=\"widget\" data-widget_type=\"heading.default\">\n\t\t\t\t<div class=\"elementor-widget-container\">\n\t\t\t\t\t<h1 class=\"elementor-heading-title elementor-size-default\">San Miguel - Sabatino<\/h1>\t\t\t\t<\/div>\n\t\t\t\t<\/div>\n\t\t\t\t<div class=\"elementor-element elementor-element-a716ec6 elementor-widget elementor-widget-text-editor\" data-id=\"a716ec6\" data-element_type=\"widget\" data-widget_type=\"text-editor.default\">\n\t\t\t\t<div class=\"elementor-widget-container\">\n\t\t\t\t\t\t\t\t\t<p>Deber\u00e1s presentarte todos los d\u00edas indicados en el siguiente horario:<\/p><p><strong>Mi\u00e9rcoles 6 , Jueves 7\u00a0 y\u00a0 Viernes 8 \u00a0\u00a0de diciembre (GRUPOS D1 Y D2 de 7:50 am a 11:20 a.m.)\u00a0 &amp; (GRUPO D3 Y D4 de 1:00 p.m. a 5:00 pm) ; S\u00e1bado 9 de diciembre de TODOS LOS GRUPOS DE D1 A D4\u00a0 de 7:30 a.m. a 3:15 p.m.<\/strong><\/p>\t\t\t\t\t\t\t\t<\/div>\n\t\t\t\t<\/div>\n\t\t\t\t<div class=\"elementor-element elementor-element-711f502 elementor-widget elementor-widget-text-editor\" data-id=\"711f502\" data-element_type=\"widget\" data-widget_type=\"text-editor.default\">\n\t\t\t\t<div class=\"elementor-widget-container\">\n\t\t\t\t\t\t\t\t\t<p style=\"text-align: center;\">Aqui tabla<\/p>\t\t\t\t\t\t\t\t<\/div>\n\t\t\t\t<\/div>\n\t\t\t\t\t<\/div>\n\t\t<\/div>\n\t\t\t\t\t<\/div>\n\t\t<\/section>\n\t\t\t\t<\/div>","protected":false},"excerpt":{"rendered":"<p>Listado de estudiantes que pasan a la Etapa 4 modalidad tiempo completo San Salvador Santa Ana Listado de aspirantes que pasan a etapa 4 (cursillo) del Proceso de Selecci\u00f3n del Programa Oportunidades.En esta etapa no es requerida la asistencia de tu responsable. Te solicitamos traer cuaderno y lapiceros, deber\u00e1s presentarte, todos los d\u00edas indicados San [&hellip;]<\/p>","protected":false},"author":1,"featured_media":0,"parent":0,"menu_order":0,"comment_status":"closed","ping_status":"closed","template":"elementor_header_footer","meta":{"om_disable_all_campaigns":false,"_monsterinsights_skip_tracking":false,"_monsterinsights_sitenote_active":false,"_monsterinsights_sitenote_note":"","_monsterinsights_sitenote_category":0,"_uf_show_specific_survey":0,"_uf_disable_surveys":false,"footnotes":""},"class_list":["post-7805","page","type-page","status-publish","hentry"],"aioseo_notices":[],"_links":{"self":[{"href":"https:\/\/www.oportunidades.org.sv\/en\/wp-json\/wp\/v2\/pages\/7805","targetHints":{"allow":["GET"]}}],"collection":[{"href":"https:\/\/www.oportunidades.org.sv\/en\/wp-json\/wp\/v2\/pages"}],"about":[{"href":"https:\/\/www.oportunidades.org.sv\/en\/wp-json\/wp\/v2\/types\/page"}],"author":[{"embeddable":true,"href":"https:\/\/www.oportunidades.org.sv\/en\/wp-json\/wp\/v2\/users\/1"}],"replies":[{"embeddable":true,"href":"https:\/\/www.oportunidades.org.sv\/en\/wp-json\/wp\/v2\/comments?post=7805"}],"version-history":[{"count":91,"href":"https:\/\/www.oportunidades.org.sv\/en\/wp-json\/wp\/v2\/pages\/7805\/revisions"}],"predecessor-version":[{"id":9575,"href":"https:\/\/www.oportunidades.org.sv\/en\/wp-json\/wp\/v2\/pages\/7805\/revisions\/9575"}],"wp:attachment":[{"href":"https:\/\/www.oportunidades.org.sv\/en\/wp-json\/wp\/v2\/media?parent=7805"}],"curies":[{"name":"wp","href":"https:\/\/api.w.org\/{rel}","templated":true}]}}