{"id":1010,"date":"2023-02-26T21:07:25","date_gmt":"2023-02-27T03:07:25","guid":{"rendered":"http:\/\/www.oportunidades.org.sv\/?page_id=1010"},"modified":"2026-04-17T12:38:32","modified_gmt":"2026-04-17T18:38:32","slug":"blog","status":"publish","type":"page","link":"https:\/\/www.oportunidades.org.sv\/en\/blog\/","title":{"rendered":"Blog"},"content":{"rendered":"<div data-elementor-type=\"wp-page\" data-elementor-id=\"1010\" class=\"elementor elementor-1010\" data-elementor-post-type=\"page\">\n\t\t\t\t\t\t<section class=\"elementor-section elementor-top-section elementor-element elementor-element-2647b92c elementor-section-content-middle elementor-section-full_width elementor-section-height-default elementor-section-height-default\" data-id=\"2647b92c\" data-element_type=\"section\">\n\t\t\t\t\t\t<div class=\"elementor-container elementor-column-gap-no\">\n\t\t\t\t\t<div class=\"elementor-column elementor-col-50 elementor-top-column elementor-element elementor-element-454f0f77\" data-id=\"454f0f77\" data-element_type=\"column\">\n\t\t\t<div class=\"elementor-widget-wrap elementor-element-populated\">\n\t\t\t\t\t\t<div class=\"elementor-element elementor-element-5d66ff68 elementor-widget elementor-widget-heading\" data-id=\"5d66ff68\" data-element_type=\"widget\" data-widget_type=\"heading.default\">\n\t\t\t\t<div class=\"elementor-widget-container\">\n\t\t\t\t\t<h1 class=\"elementor-heading-title elementor-size-default\">Would you like to receive the latest articles?<\/h1>\t\t\t\t<\/div>\n\t\t\t\t<\/div>\n\t\t\t\t<div class=\"elementor-element elementor-element-47427283 elementor-button-align-stretch elementor-widget elementor-widget-form\" data-id=\"47427283\" data-element_type=\"widget\" data-settings=\"{&quot;step_next_label&quot;:&quot;Next&quot;,&quot;step_previous_label&quot;:&quot;Previous&quot;,&quot;step_icon_shape&quot;:&quot;square&quot;,&quot;button_width&quot;:&quot;100&quot;,&quot;step_type&quot;:&quot;number_text&quot;}\" data-widget_type=\"form.default\">\n\t\t\t\t<div class=\"elementor-widget-container\">\n\t\t\t\t\t\t\t<form class=\"elementor-form\" method=\"post\" name=\"Bolet\u00edn\" aria-label=\"Bolet\u00edn\" action=\"\">\n\t\t\t<input type=\"hidden\" name=\"post_id\" value=\"1010\"\/>\n\t\t\t<input type=\"hidden\" name=\"form_id\" value=\"47427283\"\/>\n\t\t\t<input type=\"hidden\" name=\"referer_title\" value=\"Blog - Oportunidades\" \/>\n\n\t\t\t\t\t\t\t<input type=\"hidden\" name=\"queried_id\" value=\"1010\"\/>\n\t\t\t\n\t\t\t<div class=\"elementor-form-fields-wrapper elementor-labels-\">\n\t\t\t\t\t\t\t\t<div class=\"elementor-field-type-email elementor-field-group elementor-column elementor-field-group-email elementor-col-100 elementor-field-required\">\n\t\t\t\t\t\t\t\t\t\t\t\t<label for=\"form-field-email\" class=\"elementor-field-label elementor-screen-only\">\n\t\t\t\t\t\t\t\tEmail\t\t\t\t\t\t\t<\/label>\n\t\t\t\t\t\t\t\t\t\t\t\t\t\t<input size=\"1\" type=\"email\" name=\"form_fields[email]\" id=\"form-field-email\" class=\"elementor-field elementor-size-sm  elementor-field-textual\" placeholder=\"Email\" required=\"required\">\n\t\t\t\t\t\t\t\t\t\t\t<\/div>\n\t\t\t\t\t\t\t\t<div class=\"elementor-field-type-text\">\n\t\t\t\t\t<input size=\"1\" type=\"text\" name=\"form_fields[field_eb03e2d]\" id=\"form-field-field_eb03e2d\" class=\"elementor-field elementor-size-sm\" style=\"display:none !important;\">\t\t\t\t<\/div>\n\t\t\t\t\t\t\t\t<div class=\"elementor-field-group elementor-column elementor-field-type-submit elementor-col-100 e-form__buttons\">\n\t\t\t\t\t<button class=\"elementor-button elementor-size-sm\" type=\"submit\">\n\t\t\t\t\t\t<span class=\"elementor-button-content-wrapper\">\n\t\t\t\t\t\t\t\t\t\t\t\t\t\t\t\t\t\t\t\t\t\t<span class=\"elementor-button-text\">Subscribe<\/span>\n\t\t\t\t\t\t\t\t\t\t\t\t\t<\/span>\n\t\t\t\t\t<\/button>\n\t\t\t\t<\/div>\n\t\t\t<\/div>\n\t\t<input type=\"hidden\" name=\"trp-form-language\" value=\"en\"\/><\/form>\n\t\t\t\t\t\t<\/div>\n\t\t\t\t<\/div>\n\t\t\t\t\t<\/div>\n\t\t<\/div>\n\t\t\t\t<div class=\"elementor-column elementor-col-50 elementor-top-column elementor-element elementor-element-32282233\" data-id=\"32282233\" data-element_type=\"column\">\n\t\t\t<div class=\"elementor-widget-wrap elementor-element-populated\">\n\t\t\t\t\t\t<div class=\"elementor-element elementor-element-2f6c874 elementor--h-position-left elementor--v-position-bottom elementor-arrows-position-inside elementor-pagination-position-inside elementor-widget elementor-widget-slides\" data-id=\"2f6c874\" data-element_type=\"widget\" data-settings=\"{&quot;navigation&quot;:&quot;both&quot;,&quot;autoplay&quot;:&quot;yes&quot;,&quot;pause_on_hover&quot;:&quot;yes&quot;,&quot;pause_on_interaction&quot;:&quot;yes&quot;,&quot;autoplay_speed&quot;:5000,&quot;infinite&quot;:&quot;yes&quot;,&quot;transition&quot;:&quot;slide&quot;,&quot;transition_speed&quot;:500}\" data-widget_type=\"slides.default\">\n\t\t\t\t<div class=\"elementor-widget-container\">\n\t\t\t\t\t\t\t\t\t<div class=\"elementor-swiper\">\n\t\t\t\t\t<div class=\"elementor-slides-wrapper elementor-main-swiper swiper\" role=\"region\" aria-roledescription=\"carousel\" aria-label=\"Slides\" dir=\"ltr\" data-animation=\"fadeInUp\">\n\t\t\t\t<div class=\"swiper-wrapper elementor-slides\">\n\t\t\t\t\t\t\t\t\t\t<div class=\"elementor-repeater-item-45490b6 swiper-slide\" role=\"group\" aria-roledescription=\"slide\"><div class=\"swiper-slide-bg elementor-ken-burns elementor-ken-burns--in\" role=\"img\" aria-label=\"1\"><\/div><div class=\"elementor-background-overlay\"><\/div><a class=\"swiper-slide-inner\" href=\"https:\/\/www.oportunidades.org.sv\/en\/asi-se-vive-la-fase-2-del-programa-oportunidades\/\"><div class=\"swiper-slide-contents\"><div class=\"elementor-slide-heading\">As\u00ed se vive la Fase 2 del Programa Oportunidades<\/div><div  class=\"elementor-button elementor-slide-button elementor-size-sm\">read article<\/div><\/div><\/a><\/div><div class=\"elementor-repeater-item-f1b14d7 swiper-slide\" role=\"group\" aria-roledescription=\"slide\"><div class=\"swiper-slide-bg elementor-ken-burns elementor-ken-burns--in\" role=\"img\" aria-label=\"1\"><\/div><div class=\"elementor-background-overlay\"><\/div><a class=\"swiper-slide-inner\" href=\"https:\/\/www.oportunidades.org.sv\/en\/asi-descubri-que-mis-suenos-tenian-alas-y-el-programa-oportunidades-me-enseno-a-volar\/\"><div class=\"swiper-slide-contents\"><div class=\"elementor-slide-heading\">As\u00ed descubr\u00ed que mis sue\u00f1os ten\u00edan alas\u2026 y el Programa Oportunidades me ense\u00f1\u00f3 a volar<\/div><div  class=\"elementor-button elementor-slide-button elementor-size-sm\">read article<\/div><\/div><\/a><\/div><div class=\"elementor-repeater-item-206ddb9 swiper-slide\" role=\"group\" aria-roledescription=\"slide\"><div class=\"swiper-slide-bg elementor-ken-burns elementor-ken-burns--in\" role=\"img\" aria-label=\"BLOG DE M\u00d3NICA (4)\"><\/div><div class=\"elementor-background-overlay\"><\/div><a class=\"swiper-slide-inner\" href=\"https:\/\/www.oportunidades.org.sv\/en\/ventajas-competitivas-la-clave-para-ingresar-con-exito-al-mercado-laboral-salvadoreno\/\"><div class=\"swiper-slide-contents\"><div class=\"elementor-slide-heading\">Ventajas competitivas: La clave para ingresar con \u00e9xito al mercado laboral salvadore\u00f1o<\/div><div  class=\"elementor-button elementor-slide-button elementor-size-sm\">read article<\/div><\/div><\/a><\/div><div class=\"elementor-repeater-item-025a9b8 swiper-slide\" role=\"group\" aria-roledescription=\"slide\"><div class=\"swiper-slide-bg elementor-ken-burns elementor-ken-burns--in\" role=\"img\" aria-label=\"6\"><\/div><div class=\"elementor-background-overlay\"><\/div><a class=\"swiper-slide-inner\" href=\"https:\/\/www.oportunidades.org.sv\/en\/esto-es-lo-que-pasa-cuando-una-joven-entra-al-programa-oportunidades\/\"><div class=\"swiper-slide-contents\"><div class=\"elementor-slide-heading\">Esto es lo que pasa cuando una joven entra al Programa Oportunidades<\/div><div  class=\"elementor-button elementor-slide-button elementor-size-sm\">read article<\/div><\/div><\/a><\/div><div class=\"elementor-repeater-item-613718c swiper-slide\" role=\"group\" aria-roledescription=\"slide\"><div class=\"swiper-slide-bg elementor-ken-burns elementor-ken-burns--in\" role=\"img\" aria-label=\"2\"><\/div><div class=\"elementor-background-overlay\"><\/div><a class=\"swiper-slide-inner\" href=\"https:\/\/www.oportunidades.org.sv\/en\/el-programa-oportunidades-me-enseno-a-sonar-en-grande-y-a-no-rendirme\/\"><div class=\"swiper-slide-contents\"><div class=\"elementor-slide-heading\">El Programa Oportunidades me ense\u00f1\u00f3 a so\u00f1ar en grande y a no rendirme<\/div><div  class=\"elementor-button elementor-slide-button elementor-size-sm\">read article<\/div><\/div><\/a><\/div><div class=\"elementor-repeater-item-93ac7ae swiper-slide\" role=\"group\" aria-roledescription=\"slide\"><div class=\"swiper-slide-bg elementor-ken-burns elementor-ken-burns--in\" role=\"img\" aria-label=\"3\"><\/div><div class=\"elementor-background-overlay\"><\/div><a class=\"swiper-slide-inner\" href=\"https:\/\/www.oportunidades.org.sv\/en\/el-poder-del-programa-oportunidades-descubri-mi-futuro-y-me-descubri-a-mi-mismo\/\"><div class=\"swiper-slide-contents\"><div class=\"elementor-slide-heading\">El Poder del Programa Oportunidades: Descubr\u00ed mi futuro y me descubr\u00ed a m\u00ed mismo<\/div><div  class=\"elementor-button elementor-slide-button elementor-size-sm\">read article<\/div><\/div><\/a><\/div><div class=\"elementor-repeater-item-32ceea2 swiper-slide\" role=\"group\" aria-roledescription=\"slide\"><div class=\"swiper-slide-bg elementor-ken-burns elementor-ken-burns--in\" role=\"img\" aria-label=\"4\"><\/div><div class=\"elementor-background-overlay\"><\/div><a class=\"swiper-slide-inner\" href=\"https:\/\/www.oportunidades.org.sv\/en\/de-los-desvelos-en-el-programa-oportunidades-al-exito-como-dar-un-paso-lo-cambio-todo\/\"><div class=\"swiper-slide-contents\"><div class=\"elementor-slide-heading\">De los desvelos en el Programa Oportunidades al \u00e9xito: c\u00f3mo dar un paso lo cambi\u00f3 todo <\/div><div  class=\"elementor-button elementor-slide-button elementor-size-sm\">read article<\/div><\/div><\/a><\/div><div class=\"elementor-repeater-item-54270cd swiper-slide\" role=\"group\" aria-roledescription=\"slide\"><div class=\"swiper-slide-bg elementor-ken-burns elementor-ken-burns--in\" role=\"img\" aria-label=\"Grad-SO24-44\"><\/div><div class=\"elementor-background-overlay\"><\/div><a class=\"swiper-slide-inner\" href=\"https:\/\/www.oportunidades.org.sv\/en\/disciplina-para-sonar-en-grande-desde-sonsonate-en-el-programa-oportunidades-a-la-uca\/\"><div class=\"swiper-slide-contents\"><div class=\"elementor-slide-heading\">Disciplina para so\u00f1ar en grande: desde Sonsonate en el Programa Oportunidades a la UCA<\/div><div  class=\"elementor-button elementor-slide-button elementor-size-sm\">read article<\/div><\/div><\/a><\/div><div class=\"elementor-repeater-item-50245c3 swiper-slide\" role=\"group\" aria-roledescription=\"slide\"><div class=\"swiper-slide-bg elementor-ken-burns elementor-ken-burns--in\" role=\"img\" aria-label=\"WhatsApp Image 2025-05-08 at 5.25.06 PM (1) - Editada\"><\/div><div class=\"elementor-background-overlay\"><\/div><a class=\"swiper-slide-inner\" href=\"https:\/\/www.oportunidades.org.sv\/en\/la-educacion-cambio-mi-vida-del-programa-oportunidades-a-key-institute\/\"><div class=\"swiper-slide-contents\"><div class=\"elementor-slide-heading\">La educaci\u00f3n cambi\u00f3 mi vida: del Programa Oportunidades a Key Institute<\/div><div  class=\"elementor-button elementor-slide-button elementor-size-sm\">read article<\/div><\/div><\/a><\/div><div class=\"elementor-repeater-item-9e2a949 swiper-slide\" role=\"group\" aria-roledescription=\"slide\"><div class=\"swiper-slide-bg elementor-ken-burns elementor-ken-burns--in\" role=\"img\" aria-label=\"86b30d37-6fd9-49ef-bf8e-2b0a21eae1ef\"><\/div><div class=\"elementor-background-overlay\"><\/div><a class=\"swiper-slide-inner\" href=\"https:\/\/www.oportunidades.org.sv\/en\/mi-trayectoria-hacia-una-educacion-superior-innovadora-del-programa-oportunidades-a-key-institute\/\"><div class=\"swiper-slide-contents\"><div class=\"elementor-slide-heading\">Mi trayectoria hacia una educaci\u00f3n superior innovadora: Del Programa Oportunidades a Key Institute<\/div><div  class=\"elementor-button elementor-slide-button elementor-size-sm\">read article<\/div><\/div><\/a><\/div><div class=\"elementor-repeater-item-5e6519a swiper-slide\" role=\"group\" aria-roledescription=\"slide\"><div class=\"swiper-slide-bg elementor-ken-burns elementor-ken-burns--in\" role=\"img\" aria-label=\"WhatsApp Image 2025-04-02 at 2.52.43 PM2\"><\/div><div class=\"elementor-background-overlay\"><\/div><a class=\"swiper-slide-inner\" href=\"https:\/\/www.oportunidades.org.sv\/en\/el-programa-oportunidades-me-brindo-la-beca-que-cambio-mi-vida-para-siempre\/\"><div class=\"swiper-slide-contents\"><div class=\"elementor-slide-heading\">El Programa Oportunidades me brind\u00f3 la beca que cambi\u00f3 mi vida para siempre<\/div><div  class=\"elementor-button elementor-slide-button elementor-size-sm\">read article<\/div><\/div><\/a><\/div>\t\t\t\t<\/div>\n\t\t\t\t\t\t\t\t\t\t\t\t\t\t\t<div class=\"elementor-swiper-button elementor-swiper-button-prev\" role=\"button\" tabindex=\"0\" aria-label=\"Previous slide\">\n\t\t\t\t\t\t\t<i aria-hidden=\"true\" class=\"eicon-chevron-left\"><\/i>\t\t\t\t\t\t<\/div>\n\t\t\t\t\t\t<div class=\"elementor-swiper-button elementor-swiper-button-next\" role=\"button\" tabindex=\"0\" aria-label=\"Next slide\">\n\t\t\t\t\t\t\t<i aria-hidden=\"true\" class=\"eicon-chevron-right\"><\/i>\t\t\t\t\t\t<\/div>\n\t\t\t\t\t\t\t\t\t\t\t\t\t\t\t\t<div class=\"swiper-pagination\"><\/div>\n\t\t\t\t\t\t\t\t\t\t\t\t<\/div>\n\t\t\t\t<\/div>\n\t\t\t\t\t\t\t\t<\/div>\n\t\t\t\t<\/div>\n\t\t\t\t\t<\/div>\n\t\t<\/div>\n\t\t\t\t\t<\/div>\n\t\t<\/section>\n\t\t\t\t<section class=\"elementor-section elementor-top-section elementor-element elementor-element-24dfd5c6 elementor-section-full_width elementor-section-content-middle elementor-reverse-tablet elementor-reverse-mobile elementor-section-height-default elementor-section-height-default\" data-id=\"24dfd5c6\" data-element_type=\"section\" data-settings=\"{&quot;background_background&quot;:&quot;classic&quot;}\">\n\t\t\t\t\t\t<div class=\"elementor-container elementor-column-gap-no\">\n\t\t\t\t\t<div class=\"elementor-column elementor-col-100 elementor-top-column elementor-element elementor-element-7ac35db9\" data-id=\"7ac35db9\" data-element_type=\"column\">\n\t\t\t<div class=\"elementor-widget-wrap elementor-element-populated\">\n\t\t\t\t\t\t<div class=\"elementor-element elementor-element-4839338 elementor-grid-mobile_extra-2 elementor-grid-3 elementor-grid-tablet-2 elementor-grid-mobile-1 elementor-posts--thumbnail-top elementor-posts--show-avatar elementor-card-shadow-yes elementor-posts__hover-gradient elementor-widget elementor-widget-posts\" data-id=\"4839338\" data-element_type=\"widget\" data-settings=\"{&quot;pagination_type&quot;:&quot;prev_next&quot;,&quot;cards_columns_mobile_extra&quot;:&quot;2&quot;,&quot;cards_columns&quot;:&quot;3&quot;,&quot;cards_columns_tablet&quot;:&quot;2&quot;,&quot;cards_columns_mobile&quot;:&quot;1&quot;,&quot;cards_row_gap&quot;:{&quot;unit&quot;:&quot;px&quot;,&quot;size&quot;:35,&quot;sizes&quot;:[]},&quot;cards_row_gap_widescreen&quot;:{&quot;unit&quot;:&quot;px&quot;,&quot;size&quot;:&quot;&quot;,&quot;sizes&quot;:[]},&quot;cards_row_gap_laptop&quot;:{&quot;unit&quot;:&quot;px&quot;,&quot;size&quot;:&quot;&quot;,&quot;sizes&quot;:[]},&quot;cards_row_gap_tablet_extra&quot;:{&quot;unit&quot;:&quot;px&quot;,&quot;size&quot;:&quot;&quot;,&quot;sizes&quot;:[]},&quot;cards_row_gap_tablet&quot;:{&quot;unit&quot;:&quot;px&quot;,&quot;size&quot;:&quot;&quot;,&quot;sizes&quot;:[]},&quot;cards_row_gap_mobile_extra&quot;:{&quot;unit&quot;:&quot;px&quot;,&quot;size&quot;:&quot;&quot;,&quot;sizes&quot;:[]},&quot;cards_row_gap_mobile&quot;:{&quot;unit&quot;:&quot;px&quot;,&quot;size&quot;:&quot;&quot;,&quot;sizes&quot;:[]}}\" data-widget_type=\"posts.cards\">\n\t\t\t\t<div class=\"elementor-widget-container\">\n\t\t\t\t\t\t\t<div class=\"elementor-posts-container elementor-posts elementor-posts--skin-cards elementor-grid\" role=\"list\">\n\t\t\t\t<article class=\"elementor-post elementor-grid-item post-14455 post type-post status-publish format-standard has-post-thumbnail hentry category-blog\" role=\"listitem\">\n\t\t\t<div class=\"elementor-post__card\">\n\t\t\t\t<a class=\"elementor-post__thumbnail__link\" href=\"https:\/\/www.oportunidades.org.sv\/en\/asi-se-vive-la-fase-2-del-programa-oportunidades\/\" tabindex=\"-1\" ><div class=\"elementor-post__thumbnail\"><img fetchpriority=\"high\" decoding=\"async\" width=\"800\" height=\"600\" src=\"https:\/\/www.oportunidades.org.sv\/wp-content\/uploads\/2026\/04\/1-1024x768.png\" class=\"attachment-large size-large wp-image-14457\" alt=\"\" srcset=\"https:\/\/www.oportunidades.org.sv\/wp-content\/uploads\/2026\/04\/1-1024x768.png 1024w, https:\/\/www.oportunidades.org.sv\/wp-content\/uploads\/2026\/04\/1-300x225.png 300w, https:\/\/www.oportunidades.org.sv\/wp-content\/uploads\/2026\/04\/1-768x576.png 768w, https:\/\/www.oportunidades.org.sv\/wp-content\/uploads\/2026\/04\/1-16x12.png 16w, https:\/\/www.oportunidades.org.sv\/wp-content\/uploads\/2026\/04\/1.png 1280w\" sizes=\"(max-width: 800px) 100vw, 800px\" \/><\/div><\/a>\n\t\t\t\t<div class=\"elementor-post__badge\">Blog<\/div>\n\t\t\t\t<div class=\"elementor-post__avatar\">\n\t\t\t<img alt='Admin' src='https:\/\/secure.gravatar.com\/avatar\/ed20a69ff001f3c139501429d9b1fb54654bd8ad988a8129ccf32eeba4c9cbfb?s=128&#038;d=mm&#038;r=g' srcset='https:\/\/secure.gravatar.com\/avatar\/ed20a69ff001f3c139501429d9b1fb54654bd8ad988a8129ccf32eeba4c9cbfb?s=256&#038;d=mm&#038;r=g 2x' class='avatar avatar-128 photo' height='128' width='128' \/>\t\t<\/div>\n\t\t\t\t<div class=\"elementor-post__text\">\n\t\t\t\t<h3 class=\"elementor-post__title\">\n\t\t\t<a href=\"https:\/\/www.oportunidades.org.sv\/en\/asi-se-vive-la-fase-2-del-programa-oportunidades\/\" >\n\t\t\t\tAs\u00ed se vive la Fase 2 del Programa Oportunidades\t\t\t<\/a>\n\t\t<\/h3>\n\t\t\t\t<div class=\"elementor-post__excerpt\">\n\t\t\t<p>La Fase 2 es la transici\u00f3n, donde la Universidad deja de ser una meta lejana y se convierte en una realidad; y a partir de\t\t<\/div>\n\t\t\t\t\t<div class=\"elementor-post__read-more-wrapper\">\n\t\t\n\t\t<a class=\"elementor-post__read-more\" href=\"https:\/\/www.oportunidades.org.sv\/en\/asi-se-vive-la-fase-2-del-programa-oportunidades\/\" aria-label=\"Read more about As\u00ed se vive la Fase 2 del Programa Oportunidades\" tabindex=\"-1\" >\n\t\t\tread article\t\t<\/a>\n\n\t\t\t\t\t<\/div>\n\t\t\t\t<\/div>\n\t\t\t\t<div class=\"elementor-post__meta-data\">\n\t\t\t\t\t<span class=\"elementor-post-date\">\n\t\t\t17 April, 2026\t\t<\/span>\n\t\t\t\t<span class=\"elementor-post-avatar\">\n\t\t\tNo Comments\t\t<\/span>\n\t\t\t\t<\/div>\n\t\t\t\t\t<\/div>\n\t\t<\/article>\n\t\t\t\t<article class=\"elementor-post elementor-grid-item post-13388 post type-post status-publish format-standard has-post-thumbnail hentry category-blog\" role=\"listitem\">\n\t\t\t<div class=\"elementor-post__card\">\n\t\t\t\t<a class=\"elementor-post__thumbnail__link\" href=\"https:\/\/www.oportunidades.org.sv\/en\/esto-es-lo-que-pasa-cuando-una-joven-entra-al-programa-oportunidades\/\" tabindex=\"-1\" ><div class=\"elementor-post__thumbnail\"><img decoding=\"async\" width=\"800\" height=\"600\" src=\"https:\/\/www.oportunidades.org.sv\/wp-content\/uploads\/2025\/08\/6-1024x768.png\" class=\"attachment-large size-large wp-image-13390\" alt=\"\" srcset=\"https:\/\/www.oportunidades.org.sv\/wp-content\/uploads\/2025\/08\/6-1024x768.png 1024w, https:\/\/www.oportunidades.org.sv\/wp-content\/uploads\/2025\/08\/6-300x225.png 300w, https:\/\/www.oportunidades.org.sv\/wp-content\/uploads\/2025\/08\/6-768x576.png 768w, https:\/\/www.oportunidades.org.sv\/wp-content\/uploads\/2025\/08\/6-16x12.png 16w, https:\/\/www.oportunidades.org.sv\/wp-content\/uploads\/2025\/08\/6.png 1280w\" sizes=\"(max-width: 800px) 100vw, 800px\" \/><\/div><\/a>\n\t\t\t\t<div class=\"elementor-post__badge\">Blog<\/div>\n\t\t\t\t<div class=\"elementor-post__avatar\">\n\t\t\t<img alt='Admin' src='https:\/\/secure.gravatar.com\/avatar\/ed20a69ff001f3c139501429d9b1fb54654bd8ad988a8129ccf32eeba4c9cbfb?s=128&#038;d=mm&#038;r=g' srcset='https:\/\/secure.gravatar.com\/avatar\/ed20a69ff001f3c139501429d9b1fb54654bd8ad988a8129ccf32eeba4c9cbfb?s=256&#038;d=mm&#038;r=g 2x' class='avatar avatar-128 photo' height='128' width='128' \/>\t\t<\/div>\n\t\t\t\t<div class=\"elementor-post__text\">\n\t\t\t\t<h3 class=\"elementor-post__title\">\n\t\t\t<a href=\"https:\/\/www.oportunidades.org.sv\/en\/esto-es-lo-que-pasa-cuando-una-joven-entra-al-programa-oportunidades\/\" >\n\t\t\t\tEsto es lo que pasa cuando una joven entra al Programa Oportunidades\t\t\t<\/a>\n\t\t<\/h3>\n\t\t\t\t<div class=\"elementor-post__excerpt\">\n\t\t\t<p>Hay decisiones peque\u00f1as que marcan caminos gigantes, la m\u00eda comenz\u00f3 en un aula, cuando ten\u00eda apenas 15 a\u00f1os. Recuerdo ese d\u00eda con claridad: la directora\t\t<\/div>\n\t\t\t\t\t<div class=\"elementor-post__read-more-wrapper\">\n\t\t\n\t\t<a class=\"elementor-post__read-more\" href=\"https:\/\/www.oportunidades.org.sv\/en\/esto-es-lo-que-pasa-cuando-una-joven-entra-al-programa-oportunidades\/\" aria-label=\"Read more about Esto es lo que pasa cuando una joven entra al Programa Oportunidades\" tabindex=\"-1\" >\n\t\t\tread article\t\t<\/a>\n\n\t\t\t\t\t<\/div>\n\t\t\t\t<\/div>\n\t\t\t\t<div class=\"elementor-post__meta-data\">\n\t\t\t\t\t<span class=\"elementor-post-date\">\n\t\t\t29 August, 2025\t\t<\/span>\n\t\t\t\t<span class=\"elementor-post-avatar\">\n\t\t\tNo Comments\t\t<\/span>\n\t\t\t\t<\/div>\n\t\t\t\t\t<\/div>\n\t\t<\/article>\n\t\t\t\t<article class=\"elementor-post elementor-grid-item post-13337 post type-post status-publish format-standard has-post-thumbnail hentry category-blog\" role=\"listitem\">\n\t\t\t<div class=\"elementor-post__card\">\n\t\t\t\t<a class=\"elementor-post__thumbnail__link\" href=\"https:\/\/www.oportunidades.org.sv\/en\/asi-descubri-que-mis-suenos-tenian-alas-y-el-programa-oportunidades-me-enseno-a-volar\/\" tabindex=\"-1\" ><div class=\"elementor-post__thumbnail\"><img decoding=\"async\" width=\"800\" height=\"600\" src=\"https:\/\/www.oportunidades.org.sv\/wp-content\/uploads\/2025\/08\/1-1024x768.png\" class=\"attachment-large size-large wp-image-13345\" alt=\"\" srcset=\"https:\/\/www.oportunidades.org.sv\/wp-content\/uploads\/2025\/08\/1-1024x768.png 1024w, https:\/\/www.oportunidades.org.sv\/wp-content\/uploads\/2025\/08\/1-300x225.png 300w, https:\/\/www.oportunidades.org.sv\/wp-content\/uploads\/2025\/08\/1-768x576.png 768w, https:\/\/www.oportunidades.org.sv\/wp-content\/uploads\/2025\/08\/1-16x12.png 16w, https:\/\/www.oportunidades.org.sv\/wp-content\/uploads\/2025\/08\/1.png 1280w\" sizes=\"(max-width: 800px) 100vw, 800px\" \/><\/div><\/a>\n\t\t\t\t<div class=\"elementor-post__badge\">Blog<\/div>\n\t\t\t\t<div class=\"elementor-post__avatar\">\n\t\t\t<img alt='Admin' src='https:\/\/secure.gravatar.com\/avatar\/ed20a69ff001f3c139501429d9b1fb54654bd8ad988a8129ccf32eeba4c9cbfb?s=128&#038;d=mm&#038;r=g' srcset='https:\/\/secure.gravatar.com\/avatar\/ed20a69ff001f3c139501429d9b1fb54654bd8ad988a8129ccf32eeba4c9cbfb?s=256&#038;d=mm&#038;r=g 2x' class='avatar avatar-128 photo' height='128' width='128' \/>\t\t<\/div>\n\t\t\t\t<div class=\"elementor-post__text\">\n\t\t\t\t<h3 class=\"elementor-post__title\">\n\t\t\t<a href=\"https:\/\/www.oportunidades.org.sv\/en\/asi-descubri-que-mis-suenos-tenian-alas-y-el-programa-oportunidades-me-enseno-a-volar\/\" >\n\t\t\t\tAs\u00ed descubr\u00ed que mis sue\u00f1os ten\u00edan alas\u2026 y el Programa Oportunidades me ense\u00f1\u00f3 a volar\t\t\t<\/a>\n\t\t<\/h3>\n\t\t\t\t<div class=\"elementor-post__excerpt\">\n\t\t\t<p>Soy Mayra Lar\u00edn y hoy quiero contarte parte de mi historia personal que empez\u00f3 en una escuela p\u00fablica y me ha llevado a donde jam\u00e1s\t\t<\/div>\n\t\t\t\t\t<div class=\"elementor-post__read-more-wrapper\">\n\t\t\n\t\t<a class=\"elementor-post__read-more\" href=\"https:\/\/www.oportunidades.org.sv\/en\/asi-descubri-que-mis-suenos-tenian-alas-y-el-programa-oportunidades-me-enseno-a-volar\/\" aria-label=\"Read more about As\u00ed descubr\u00ed que mis sue\u00f1os ten\u00edan alas\u2026 y el Programa Oportunidades me ense\u00f1\u00f3 a volar\" tabindex=\"-1\" >\n\t\t\tread article\t\t<\/a>\n\n\t\t\t\t\t<\/div>\n\t\t\t\t<\/div>\n\t\t\t\t<div class=\"elementor-post__meta-data\">\n\t\t\t\t\t<span class=\"elementor-post-date\">\n\t\t\t15 August, 2025\t\t<\/span>\n\t\t\t\t<span class=\"elementor-post-avatar\">\n\t\t\tNo Comments\t\t<\/span>\n\t\t\t\t<\/div>\n\t\t\t\t\t<\/div>\n\t\t<\/article>\n\t\t\t\t<article class=\"elementor-post elementor-grid-item post-13316 post type-post status-publish format-standard has-post-thumbnail hentry category-blog\" role=\"listitem\">\n\t\t\t<div class=\"elementor-post__card\">\n\t\t\t\t<a class=\"elementor-post__thumbnail__link\" href=\"https:\/\/www.oportunidades.org.sv\/en\/el-programa-oportunidades-me-enseno-a-sonar-en-grande-y-a-no-rendirme\/\" tabindex=\"-1\" ><div class=\"elementor-post__thumbnail\"><img loading=\"lazy\" decoding=\"async\" width=\"800\" height=\"600\" src=\"https:\/\/www.oportunidades.org.sv\/wp-content\/uploads\/2025\/07\/2-1-1024x768.png\" class=\"attachment-large size-large wp-image-13318\" alt=\"\" srcset=\"https:\/\/www.oportunidades.org.sv\/wp-content\/uploads\/2025\/07\/2-1-1024x768.png 1024w, https:\/\/www.oportunidades.org.sv\/wp-content\/uploads\/2025\/07\/2-1-300x225.png 300w, https:\/\/www.oportunidades.org.sv\/wp-content\/uploads\/2025\/07\/2-1-768x576.png 768w, https:\/\/www.oportunidades.org.sv\/wp-content\/uploads\/2025\/07\/2-1-16x12.png 16w, https:\/\/www.oportunidades.org.sv\/wp-content\/uploads\/2025\/07\/2-1.png 1280w\" sizes=\"(max-width: 800px) 100vw, 800px\" \/><\/div><\/a>\n\t\t\t\t<div class=\"elementor-post__badge\">Blog<\/div>\n\t\t\t\t<div class=\"elementor-post__avatar\">\n\t\t\t<img alt='Admin' src='https:\/\/secure.gravatar.com\/avatar\/ed20a69ff001f3c139501429d9b1fb54654bd8ad988a8129ccf32eeba4c9cbfb?s=128&#038;d=mm&#038;r=g' srcset='https:\/\/secure.gravatar.com\/avatar\/ed20a69ff001f3c139501429d9b1fb54654bd8ad988a8129ccf32eeba4c9cbfb?s=256&#038;d=mm&#038;r=g 2x' class='avatar avatar-128 photo' height='128' width='128' \/>\t\t<\/div>\n\t\t\t\t<div class=\"elementor-post__text\">\n\t\t\t\t<h3 class=\"elementor-post__title\">\n\t\t\t<a href=\"https:\/\/www.oportunidades.org.sv\/en\/el-programa-oportunidades-me-enseno-a-sonar-en-grande-y-a-no-rendirme\/\" >\n\t\t\t\tEl Programa Oportunidades me ense\u00f1\u00f3 a so\u00f1ar en grande y a no rendirme\t\t\t<\/a>\n\t\t<\/h3>\n\t\t\t\t<div class=\"elementor-post__excerpt\">\n\t\t\t<p>Hay una frase que me ha acompa\u00f1ado a lo largo de mi vida: \u201cla educaci\u00f3n lo puede todo\u201d. Es una idea poderosa que me ha\t\t<\/div>\n\t\t\t\t\t<div class=\"elementor-post__read-more-wrapper\">\n\t\t\n\t\t<a class=\"elementor-post__read-more\" href=\"https:\/\/www.oportunidades.org.sv\/en\/el-programa-oportunidades-me-enseno-a-sonar-en-grande-y-a-no-rendirme\/\" aria-label=\"Read more about El Programa Oportunidades me ense\u00f1\u00f3 a so\u00f1ar en grande y a no rendirme\" tabindex=\"-1\" >\n\t\t\tread article\t\t<\/a>\n\n\t\t\t\t\t<\/div>\n\t\t\t\t<\/div>\n\t\t\t\t<div class=\"elementor-post__meta-data\">\n\t\t\t\t\t<span class=\"elementor-post-date\">\n\t\t\t25 July, 2025\t\t<\/span>\n\t\t\t\t<span class=\"elementor-post-avatar\">\n\t\t\tNo Comments\t\t<\/span>\n\t\t\t\t<\/div>\n\t\t\t\t\t<\/div>\n\t\t<\/article>\n\t\t\t\t<article class=\"elementor-post elementor-grid-item post-13252 post type-post status-publish format-standard has-post-thumbnail hentry category-blog\" role=\"listitem\">\n\t\t\t<div class=\"elementor-post__card\">\n\t\t\t\t<a class=\"elementor-post__thumbnail__link\" href=\"https:\/\/www.oportunidades.org.sv\/en\/ventajas-competitivas-la-clave-para-ingresar-con-exito-al-mercado-laboral-salvadoreno\/\" tabindex=\"-1\" ><div class=\"elementor-post__thumbnail\"><img loading=\"lazy\" decoding=\"async\" width=\"800\" height=\"600\" src=\"https:\/\/www.oportunidades.org.sv\/wp-content\/uploads\/2025\/07\/BLOG-DE-MONICA-4-1024x768.png\" class=\"attachment-large size-large wp-image-13255\" alt=\"\" srcset=\"https:\/\/www.oportunidades.org.sv\/wp-content\/uploads\/2025\/07\/BLOG-DE-MONICA-4-1024x768.png 1024w, https:\/\/www.oportunidades.org.sv\/wp-content\/uploads\/2025\/07\/BLOG-DE-MONICA-4-300x225.png 300w, https:\/\/www.oportunidades.org.sv\/wp-content\/uploads\/2025\/07\/BLOG-DE-MONICA-4-768x576.png 768w, https:\/\/www.oportunidades.org.sv\/wp-content\/uploads\/2025\/07\/BLOG-DE-MONICA-4-16x12.png 16w, https:\/\/www.oportunidades.org.sv\/wp-content\/uploads\/2025\/07\/BLOG-DE-MONICA-4.png 1280w\" sizes=\"(max-width: 800px) 100vw, 800px\" \/><\/div><\/a>\n\t\t\t\t<div class=\"elementor-post__badge\">Blog<\/div>\n\t\t\t\t<div class=\"elementor-post__avatar\">\n\t\t\t<img alt='Admin' src='https:\/\/secure.gravatar.com\/avatar\/ed20a69ff001f3c139501429d9b1fb54654bd8ad988a8129ccf32eeba4c9cbfb?s=128&#038;d=mm&#038;r=g' srcset='https:\/\/secure.gravatar.com\/avatar\/ed20a69ff001f3c139501429d9b1fb54654bd8ad988a8129ccf32eeba4c9cbfb?s=256&#038;d=mm&#038;r=g 2x' class='avatar avatar-128 photo' height='128' width='128' \/>\t\t<\/div>\n\t\t\t\t<div class=\"elementor-post__text\">\n\t\t\t\t<h3 class=\"elementor-post__title\">\n\t\t\t<a href=\"https:\/\/www.oportunidades.org.sv\/en\/ventajas-competitivas-la-clave-para-ingresar-con-exito-al-mercado-laboral-salvadoreno\/\" >\n\t\t\t\tVentajas competitivas: La clave para ingresar con \u00e9xito al mercado laboral salvadore\u00f1o\t\t\t<\/a>\n\t\t<\/h3>\n\t\t\t\t<div class=\"elementor-post__excerpt\">\n\t\t\t<p>El Programa Oportunidades orienta estrat\u00e9gicamente a todos los j\u00f3venes sobre las carreras que tienen mayores y mejores posibilidades de inserci\u00f3n en el mercado laboral salvadore\u00f1o,\t\t<\/div>\n\t\t\t\t\t<div class=\"elementor-post__read-more-wrapper\">\n\t\t\n\t\t<a class=\"elementor-post__read-more\" href=\"https:\/\/www.oportunidades.org.sv\/en\/ventajas-competitivas-la-clave-para-ingresar-con-exito-al-mercado-laboral-salvadoreno\/\" aria-label=\"Read more about Ventajas competitivas: La clave para ingresar con \u00e9xito al mercado laboral salvadore\u00f1o\" tabindex=\"-1\" >\n\t\t\tread article\t\t<\/a>\n\n\t\t\t\t\t<\/div>\n\t\t\t\t<\/div>\n\t\t\t\t<div class=\"elementor-post__meta-data\">\n\t\t\t\t\t<span class=\"elementor-post-date\">\n\t\t\t16 July, 2025\t\t<\/span>\n\t\t\t\t<span class=\"elementor-post-avatar\">\n\t\t\tNo Comments\t\t<\/span>\n\t\t\t\t<\/div>\n\t\t\t\t\t<\/div>\n\t\t<\/article>\n\t\t\t\t<article class=\"elementor-post elementor-grid-item post-13206 post type-post status-publish format-standard has-post-thumbnail hentry category-blog\" role=\"listitem\">\n\t\t\t<div class=\"elementor-post__card\">\n\t\t\t\t<a class=\"elementor-post__thumbnail__link\" href=\"https:\/\/www.oportunidades.org.sv\/en\/el-poder-del-programa-oportunidades-descubri-mi-futuro-y-me-descubri-a-mi-mismo\/\" tabindex=\"-1\" ><div class=\"elementor-post__thumbnail\"><img loading=\"lazy\" decoding=\"async\" width=\"800\" height=\"600\" src=\"https:\/\/www.oportunidades.org.sv\/wp-content\/uploads\/2025\/07\/1-1024x768.png\" class=\"attachment-large size-large wp-image-13207\" alt=\"\" srcset=\"https:\/\/www.oportunidades.org.sv\/wp-content\/uploads\/2025\/07\/1-1024x768.png 1024w, https:\/\/www.oportunidades.org.sv\/wp-content\/uploads\/2025\/07\/1-300x225.png 300w, https:\/\/www.oportunidades.org.sv\/wp-content\/uploads\/2025\/07\/1-768x576.png 768w, https:\/\/www.oportunidades.org.sv\/wp-content\/uploads\/2025\/07\/1-16x12.png 16w, https:\/\/www.oportunidades.org.sv\/wp-content\/uploads\/2025\/07\/1.png 1280w\" sizes=\"(max-width: 800px) 100vw, 800px\" \/><\/div><\/a>\n\t\t\t\t<div class=\"elementor-post__badge\">Blog<\/div>\n\t\t\t\t<div class=\"elementor-post__avatar\">\n\t\t\t<img alt='Admin' src='https:\/\/secure.gravatar.com\/avatar\/ed20a69ff001f3c139501429d9b1fb54654bd8ad988a8129ccf32eeba4c9cbfb?s=128&#038;d=mm&#038;r=g' srcset='https:\/\/secure.gravatar.com\/avatar\/ed20a69ff001f3c139501429d9b1fb54654bd8ad988a8129ccf32eeba4c9cbfb?s=256&#038;d=mm&#038;r=g 2x' class='avatar avatar-128 photo' height='128' width='128' \/>\t\t<\/div>\n\t\t\t\t<div class=\"elementor-post__text\">\n\t\t\t\t<h3 class=\"elementor-post__title\">\n\t\t\t<a href=\"https:\/\/www.oportunidades.org.sv\/en\/el-poder-del-programa-oportunidades-descubri-mi-futuro-y-me-descubri-a-mi-mismo\/\" >\n\t\t\t\tEl Poder del Programa Oportunidades: Descubr\u00ed mi futuro y me descubr\u00ed a m\u00ed mismo\t\t\t<\/a>\n\t\t<\/h3>\n\t\t\t\t<div class=\"elementor-post__excerpt\">\n\t\t\t<p>Soy Emerson Contreras, Class 2017 del Programa Oportunidades. Soy hijo de una madre soltera. Me enorgullece haber sido formado por mujeres asombrosas (mi madre, mi\t\t<\/div>\n\t\t\t\t\t<div class=\"elementor-post__read-more-wrapper\">\n\t\t\n\t\t<a class=\"elementor-post__read-more\" href=\"https:\/\/www.oportunidades.org.sv\/en\/el-poder-del-programa-oportunidades-descubri-mi-futuro-y-me-descubri-a-mi-mismo\/\" aria-label=\"Read more about El Poder del Programa Oportunidades: Descubr\u00ed mi futuro y me descubr\u00ed a m\u00ed mismo\" tabindex=\"-1\" >\n\t\t\tread article\t\t<\/a>\n\n\t\t\t\t\t<\/div>\n\t\t\t\t<\/div>\n\t\t\t\t<div class=\"elementor-post__meta-data\">\n\t\t\t\t\t<span class=\"elementor-post-date\">\n\t\t\t11 July, 2025\t\t<\/span>\n\t\t\t\t<span class=\"elementor-post-avatar\">\n\t\t\tNo Comments\t\t<\/span>\n\t\t\t\t<\/div>\n\t\t\t\t\t<\/div>\n\t\t<\/article>\n\t\t\t\t<\/div>\n\t\t\n\t\t\t\t<div class=\"e-load-more-anchor\" data-page=\"1\" data-max-page=\"6\" data-next-page=\"https:\/\/www.oportunidades.org.sv\/en\/wp-json\/wp\/v2\/pages\/1010\/page\/2\/\"><\/div>\n\t\t\t\t<nav class=\"elementor-pagination\" aria-label=\"Pagination\">\n\t\t\t<span class=\"page-numbers prev\">&laquo; Previous<\/span>\n<a class=\"page-numbers next\" href=\"https:\/\/www.oportunidades.org.sv\/en\/wp-json\/wp\/v2\/pages\/1010\/page\/2\/\">Next &raquo;<\/a>\t\t<\/nav>\n\t\t\t\t\t\t<\/div>\n\t\t\t\t<\/div>\n\t\t\t\t\t<\/div>\n\t\t<\/div>\n\t\t\t\t\t<\/div>\n\t\t<\/section>\n\t\t\t\t<\/div>","protected":false},"excerpt":{"rendered":"<p>\u00bfQuieres recibir los art\u00edculos m\u00e1s recientes? As\u00ed se vive la Fase 2 del Programa OportunidadesLeer art\u00edculoAs\u00ed descubr\u00ed que mis sue\u00f1os ten\u00edan alas\u2026 y el Programa Oportunidades me ense\u00f1\u00f3 a volarLeer art\u00edculoVentajas competitivas: La clave para ingresar con \u00e9xito al mercado laboral salvadore\u00f1oLeer art\u00edculoEsto es lo que pasa cuando una joven entra al Programa OportunidadesLeer art\u00edculoEl [&hellip;]<\/p>","protected":false},"author":1,"featured_media":0,"parent":0,"menu_order":0,"comment_status":"closed","ping_status":"closed","template":"elementor_header_footer","meta":{"om_disable_all_campaigns":false,"_monsterinsights_skip_tracking":false,"_monsterinsights_sitenote_active":false,"_monsterinsights_sitenote_note":"","_monsterinsights_sitenote_category":0,"_uf_show_specific_survey":0,"_uf_disable_surveys":false,"footnotes":""},"class_list":["post-1010","page","type-page","status-publish","hentry"],"aioseo_notices":[],"_links":{"self":[{"href":"https:\/\/www.oportunidades.org.sv\/en\/wp-json\/wp\/v2\/pages\/1010","targetHints":{"allow":["GET"]}}],"collection":[{"href":"https:\/\/www.oportunidades.org.sv\/en\/wp-json\/wp\/v2\/pages"}],"about":[{"href":"https:\/\/www.oportunidades.org.sv\/en\/wp-json\/wp\/v2\/types\/page"}],"author":[{"embeddable":true,"href":"https:\/\/www.oportunidades.org.sv\/en\/wp-json\/wp\/v2\/users\/1"}],"replies":[{"embeddable":true,"href":"https:\/\/www.oportunidades.org.sv\/en\/wp-json\/wp\/v2\/comments?post=1010"}],"version-history":[{"count":187,"href":"https:\/\/www.oportunidades.org.sv\/en\/wp-json\/wp\/v2\/pages\/1010\/revisions"}],"predecessor-version":[{"id":14472,"href":"https:\/\/www.oportunidades.org.sv\/en\/wp-json\/wp\/v2\/pages\/1010\/revisions\/14472"}],"wp:attachment":[{"href":"https:\/\/www.oportunidades.org.sv\/en\/wp-json\/wp\/v2\/media?parent=1010"}],"curies":[{"name":"wp","href":"https:\/\/api.w.org\/{rel}","templated":true}]}}